{"id":6066,"date":"2020-03-04T23:03:06","date_gmt":"2020-03-04T22:03:06","guid":{"rendered":"https:\/\/so-la-na.com?page_id=6066"},"modified":"2021-04-14T21:36:28","modified_gmt":"2021-04-14T19:36:28","slug":"euskalduna","status":"publish","type":"page","link":"https:\/\/so-la-na.com\/eng\/euskalduna\/","title":{"rendered":"Flamenco Euskalduna"},"content":{"rendered":"<p>\n\n\n<section id=\"section_id-16066\" class=\"fw-main-row-custom fw-main-row-top fw-section-no-padding bloque-inicial-euskalduna\" style=\" \" >\n\t<div class=\"fw-col-inner fw-container\" >\n\t\t<div class=\"fw-row\">\n\t\n<div id=\"column-6a994c75a2d69\" class=\"fw-col-xs-12\" style=\" \">\n        <div class=\"fw-col-inner\" >\n\t\t<h1>Best flamenco in Bilbao<\/h1><h2>2021 Season Program<\/h2><p>&nbsp;<\/p>\t<\/div>\n<\/div><\/div>\n\n<div class=\"fw-row\">\n\t\n<div id=\"column-6a994c75a483a\" class=\"fw-col-xs-12\" style=\" \">\n        <div class=\"fw-col-inner\" style=\"padding: 30px 0px 0px 0px;\">\n\t\t<div class=\"fw-table\">\n\t<table>\n\t\t\t\t\t\t\t\t\t<tr class=\"default-row\">\n\t\t\t\t\t\t\t\t\t\t\t<td class=\"default-col\">\n\t\t\t\t\t\t\t<div class=\"col-left\"><p class=\"titulo\">Buy tickets <\/p><\/div>\t\t\t\t\t\t<\/td>\n\t\t\t\t\t\t\t\t\t\t\t<td class=\"default-col\">\n\t\t\t\t\t\t\t\t\t\t\t\t\t<\/td>\n\t\t\t\t\t\t\t\t\t<\/tr>\n\t\t\t\t\t\t\t\t\t\t\t\t<tr class=\"default-row\">\n\t\t\t\t\t\t\t\t\t\t\t<td class=\"default-col\">\n\t\t\t\t\t\t\t<\/div><a href=\"https:\/\/www.euskalduna.eus\/es\/detalle\/POSEIDONEUSK@Janto_KB\/PATE\"target=\"_blank\"><div class=\"col-left\"><p class=\"titulo\">POSEID\u00d3N - 2 de mayo 2021<\/a> <\/p><\/div>\t\t\t\t\t\t<\/td>\n\t\t\t\t\t\t\t\t\t\t\t<td class=\"default-col\">\n\t\t\t\t\t\t\t<div class=\"col-right\">\r\n<p>Amador Rojas<\/p>\r\n<\/div>\t\t\t\t\t\t<\/td>\n\t\t\t\t\t\t\t\t\t<\/tr>\n\t\t\t\t\t\t\t\t\t\t\t\t<tr class=\"default-row\">\n\t\t\t\t\t\t\t\t\t\t\t<td class=\"default-col\">\n\t\t\t\t\t\t\t<\/div><a href=\"https:\/\/www.euskalduna.eus\/es\/detalle\/LASMINASEUSK@Janto_KB\/PATE\" target=\"_blank\"><div class=\"col-left\"><p class=\"titulo\">LAS MINAS - June, 10th 2021<\/a> <\/p><\/div>\t\t\t\t\t\t<\/td>\n\t\t\t\t\t\t\t\t\t\t\t<td class=\"default-col\">\n\t\t\t\t\t\t\t<div class=\"col-right\">\r\n<p>Ricardo Fern\u00e1ndez del Moral & Yolanda Osuna<\/p>\r\n<\/div>\t\t\t\t\t\t<\/td>\n\t\t\t\t\t\t\t\t\t<\/tr>\n\t\t\t\t\t\t\t\t\t\t\t\t<tr class=\"default-row\">\n\t\t\t\t\t\t\t\t\t\t\t<td class=\"default-col\">\n\t\t\t\t\t\t\t<\/div><a href=\"https:\/\/www.euskalduna.eus\/es\/detalle\/FAROEUSK@Janto_KB\/PATE\" target=\"_blank\"><div class=\"col-left\"><p class=\"titulo\">FARO - July, 7th 2021<\/a> <\/p><\/div>\t\t\t\t\t\t<\/td>\n\t\t\t\t\t\t\t\t\t\t\t<td class=\"default-col\">\n\t\t\t\t\t\t\t<div class=\"col-right\">\r\n<p>Eduardo Guerrero<\/p>\r\n<\/div>\t\t\t\t\t\t<\/td>\n\t\t\t\t\t\t\t\t\t<\/tr>\n\t\t\t\t\t\t<\/table>\n<\/div>\t<\/div>\n<\/div><\/div>\n\n\t<\/div>\n<\/section>\n\n\n<section id=\"section_id-26066\" class=\"fw-main-row-custom fw-section-no-padding anuncio-jazz-container mode-left\" style=\" \" >\n\t<div class=\"fw-col-inner fw-container-fluid\" >\n\t\t<div class=\"fw-row\">\n\t\n<div id=\"column-6a994c75a63d9\" class=\"fw-col-xs-12 fw-col-sm-6 descripcion-container\" style=\" \">\n        <div class=\"fw-col-inner\" >\n\t\t<h1 class=\"titulo-espectaculo\">Poseid\u00f3n - 2 de mayo 2021<\/h1><h1 class=\"titulo-anuncio\">Amador Rojas<\/h1><p>This Sevillian bailaor (flamenco dancer) has created an allegory of human suffering triggered by mankind and the need for a God (Poseid\u00f3n) to intervene.<\/p><p><strong>Cast<\/strong><\/p><ul class=\"lista-instrumentos\"><li>Amador Rojas (Dancing)<\/li><li>Inma \u201cLa Carbonera\u201d (Cante)<\/li><li>Jos\u00e9 Tom\u00e1s Jimenez (Guitar)<\/li><li>Sergio de Lope (Flamenco flute)<\/li><li>Lolo Plant\u00f3n (Percusi\u00f3n)<\/ul><div class=\"video-wrapper shortcode-container\">\n\t<iframe title=\"&quot;Poseid\u00f3n&quot; de Amador Rojas (Teatro Principal de Alicante 27-2-20)\" width=\"300\" height=\"169\" src=\"https:\/\/www.youtube.com\/embed\/wf4urURAB-4?feature=oembed\" frameborder=\"0\" allow=\"accelerometer; autoplay; clipboard-write; encrypted-media; gyroscope; picture-in-picture\" allowfullscreen poseid\u00f3n\"de amador rojas (teatro principal alicante 27-2-20)\"><\/iframe><\/div>\n\t<\/div>\n<\/div>\n<div id=\"column-6a994c75a7e2b\" class=\"fw-col-xs-12 fw-col-sm-6 imagen-container\" style=\" \">\n        <div class=\"fw-col-inner\" >\n\t\t<img src=\"https:\/\/so-la-na.com\/wp-content\/uploads\/2020\/04\/Poseidon-840x702.jpg\" alt=\"https:\/\/so-la-na.com\/wp-content\/uploads\/2020\/04\/Poseidon-840x702.jpg\" width=\"840\" height=\"702\" \/>\t<\/div>\n<\/div><\/div>\n\n\t<\/div>\n<\/section>\n\n\n<section id=\"section_id-36066\" class=\"fw-main-row-custom fw-section-no-padding anuncio-jazz-container mode-right\" style=\" \" >\n\t<div class=\"fw-col-inner fw-container-fluid\" >\n\t\t<div class=\"fw-row\">\n\t\n<div id=\"column-6a994c75aa23c\" class=\"fw-col-xs-12 fw-col-sm-6 imagen-container\" style=\" \">\n        <div class=\"fw-col-inner\" >\n\t\t<img src=\"https:\/\/so-la-na.com\/wp-content\/uploads\/2020\/04\/JuanluVela_0691-2-840x602.jpg\" alt=\"https:\/\/so-la-na.com\/wp-content\/uploads\/2020\/04\/JuanluVela_0691-2-840x602.jpg\" width=\"840\" height=\"602\" \/>\t<\/div>\n<\/div>\n<div id=\"column-6a994c75ab43f\" class=\"fw-col-xs-12 fw-col-sm-6 descripcion-container\" style=\" \">\n        <div class=\"fw-col-inner\" >\n\t\t<h1 class=\"titulo-espectaculo\">Las Minas - June, 10th 2021<\/h1><h1 class=\"titulo-anuncio\">Ricardo Fdez del Moral<\/h1><p>Ricardo and Yolanda, together on this occasion, will perform traditional and fundamental flamenco beats such as Sole\u00e1 or Cante Minero-Levantinos as well as other more festive styles and flamenco versions of popular songs such as La \"Bien Pag\u00e1\", alegr\u00edas, habaneras de C\u00e1diz and cupl\u00e9 por buler\u00edas. Tonight, the artists will perform the three most important disciplines of flamenco art: singing, guitar and dance.<\/p><p><strong>Cast<\/strong><\/p><ul class=\"lista-instrumentos\"><li>Ricardo Fern\u00e1ndez del Moral (singing and guitar)<\/li><li>Yolanda Osuna (Dancing)<\/li><\/ul><div class=\"video-wrapper shortcode-container\">\n\t<iframe title=\"&quot;Bie\u0301n Paga\u0301&quot;  Ricardo Fern\u00e1ndez del Moral y Yolanda Osuna\" width=\"300\" height=\"169\" src=\"https:\/\/www.youtube.com\/embed\/ooiqe6_xCGA?feature=oembed\" frameborder=\"0\" allow=\"accelerometer; autoplay; clipboard-write; encrypted-media; gyroscope; picture-in-picture\" allowfullscreen bie\u0301npaga\u0301\" ricardo fern\u00e1ndez del moral y yolanda osuna\"><\/iframe><\/div>\n\t<\/div>\n<\/div><\/div>\n\n\t<\/div>\n<\/section>\n\n\n<section id=\"section_id-46066\" class=\"fw-main-row-custom fw-section-no-padding anuncio-jazz-container mode-right\" style=\" \" >\n\t<div class=\"fw-col-inner fw-container-fluid\" >\n\t\t<div class=\"fw-row\">\n\t\n<div id=\"column-6a994c75ae082\" class=\"fw-col-xs-12 fw-col-sm-6 descripcion-container\" style=\" \">\n        <div class=\"fw-col-inner\" >\n\t\t<h1 class=\"titulo-espectaculo\">Faro - July, 7th 2021<\/h1><h1 class=\"titulo-anuncio\">Eduardo Guerrero<\/h1><p>Faro offers you a unique experience. It is a 60-minute flamenco show inspired by the poetry of the lighthouses (Faro), testimony of countless battles and magical celebrations. You will enjoy an unforgettable flamenco night in the most privileged setting.<\/p><p>Eduardo Guerrero, the most international Spanish dancer, will make you feel his passion in this exclusive night.<\/p><p><strong>Cast<\/strong><\/p><ul class=\"lista-instrumentos\"><li style=\"list-style-type: none;\"><ul class=\"lista-instrumentos\"><li>Eduardo Guerrero (Dancing)<\/li><li>Anabel Ribera, Manu Soto (Singing)<\/li><li>Javier Ib\u00e1\u00f1ez (Guitar)<\/li><li>Manu Soto (Singing)<\/li><\/ul><\/li><\/ul><div class=\"video-wrapper shortcode-container\">\n\t<iframe title=\"V\u00eddeo Promocional de la gira FARO\" width=\"300\" height=\"169\" src=\"https:\/\/www.youtube.com\/embed\/-H9pWm5yAvg?feature=oembed\" frameborder=\"0\" allow=\"accelerometer; autoplay; clipboard-write; encrypted-media; gyroscope; picture-in-picture\" allowfullscreen><\/iframe><\/div>\n\t<\/div>\n<\/div>\n<div id=\"column-6a994c75b11d4\" class=\"fw-col-xs-12 fw-col-sm-6 imagen-container\" style=\" \">\n        <div class=\"fw-col-inner\" >\n\t\t<img src=\"https:\/\/so-la-na.com\/wp-content\/uploads\/2020\/05\/JuanluVela_3584-840x602.jpg\" alt=\"https:\/\/so-la-na.com\/wp-content\/uploads\/2020\/05\/JuanluVela_3584-840x602.jpg\" width=\"840\" height=\"602\" \/>\t<\/div>\n<\/div><\/div>\n\n\t<\/div>\n<\/section>\n\n\n<section id=\"section_id-56066\" class=\"fw-main-row-custom fw-section-no-padding end-home-container nosotros-container\" style=\" \" >\n\t<div class=\"fw-col-inner fw-container\" style=\"padding: 10px 15px 0px 15px;\">\n\t\t<div class=\"fw-row\">\n\t\n<div id=\"column-6a994c75b5a56\" class=\"fw-col-xs-12\" style=\" \">\n        <div class=\"fw-col-inner\" >\n\t\t<h1>Flamenco Euskalduna<\/h1><h1>Best flamenco in Bilbao<\/h1><h2>SO-LA-NA. Entertainment is a benchmark in the creation and production of exclusive shows. We develop experiences that transcend the art of flamenco, the performing arts and musicals in general, pursuing uniqueness, brilliance and authenticity.<\/h2>\t<\/div>\n<\/div><\/div>\n\n\t<\/div>\n<\/section><\/p>","protected":false},"excerpt":{"rendered":"<p>flamenco-euskalduna<\/p>","protected":false},"author":1,"featured_media":0,"parent":0,"menu_order":0,"comment_status":"closed","ping_status":"closed","template":"page-templates\/homepage-builder.php","meta":[],"yoast_head":"<!-- This site is optimized with the Yoast SEO plugin v15.2 - https:\/\/yoast.com\/wordpress\/plugins\/seo\/ -->\n<title>Flamenco Euskalduna - SO-LA-NA<\/title>\n<meta name=\"robots\" content=\"index, follow, max-snippet:-1, max-image-preview:large, max-video-preview:-1\" \/>\n<link rel=\"canonical\" href=\"https:\/\/so-la-na.com\/eng\/euskalduna\/\" \/>\n<meta property=\"og:locale\" content=\"en_GB\" \/>\n<meta property=\"og:type\" content=\"article\" \/>\n<meta property=\"og:title\" content=\"Flamenco Euskalduna - SO-LA-NA\" \/>\n<meta property=\"og:description\" content=\"flamenco-euskalduna\" \/>\n<meta property=\"og:url\" content=\"https:\/\/so-la-na.com\/eng\/euskalduna\/\" \/>\n<meta property=\"og:site_name\" content=\"SO-LA-NA\" \/>\n<meta property=\"article:modified_time\" content=\"2021-04-14T19:36:28+00:00\" \/>\n<meta property=\"og:image\" content=\"https:\/\/so-la-na.com\/wp-content\/uploads\/2020\/04\/Poseidon-840x702.jpg\" \/>\n<meta name=\"twitter:card\" content=\"summary_large_image\" \/>\n<meta name=\"twitter:label1\" value=\"Written by\">\n\t<meta name=\"twitter:data1\" value=\"s0lan4\">\n\t<meta name=\"twitter:label2\" value=\"Estimated reading time\">\n\t<meta name=\"twitter:data2\" value=\"3 minutes\">\n<script type=\"application\/ld+json\" class=\"yoast-schema-graph\">{\"@context\":\"https:\/\/schema.org\",\"@graph\":[{\"@type\":\"Organization\",\"@id\":\"https:\/\/so-la-na.com\/#organization\",\"name\":\"SO-LA-NA\",\"url\":\"https:\/\/so-la-na.com\/\",\"sameAs\":[],\"logo\":{\"@type\":\"ImageObject\",\"@id\":\"https:\/\/so-la-na.com\/#logo\",\"inLanguage\":\"en-GB\",\"url\":\"https:\/\/so-la-na.com\/wp-content\/uploads\/2020\/05\/SO-LA-NA.png\",\"width\":850,\"height\":850,\"caption\":\"SO-LA-NA\"},\"image\":{\"@id\":\"https:\/\/so-la-na.com\/#logo\"}},{\"@type\":\"WebSite\",\"@id\":\"https:\/\/so-la-na.com\/#website\",\"url\":\"https:\/\/so-la-na.com\/\",\"name\":\"SO-LA-NA\",\"description\":\"Producciones musicales. Flamenco. Jazz.\",\"publisher\":{\"@id\":\"https:\/\/so-la-na.com\/#organization\"},\"potentialAction\":[{\"@type\":\"SearchAction\",\"target\":\"https:\/\/so-la-na.com\/?s={search_term_string}\",\"query-input\":\"required name=search_term_string\"}],\"inLanguage\":\"en-GB\"},{\"@type\":\"ImageObject\",\"@id\":\"https:\/\/so-la-na.com\/euskalduna\/#primaryimage\",\"inLanguage\":\"en-GB\",\"url\":\"https:\/\/so-la-na.com\/wp-content\/uploads\/2020\/04\/Poseidon.jpg\",\"width\":2499,\"height\":1666},{\"@type\":\"WebPage\",\"@id\":\"https:\/\/so-la-na.com\/euskalduna\/#webpage\",\"url\":\"https:\/\/so-la-na.com\/euskalduna\/\",\"name\":\"Flamenco Euskalduna - SO-LA-NA\",\"isPartOf\":{\"@id\":\"https:\/\/so-la-na.com\/#website\"},\"primaryImageOfPage\":{\"@id\":\"https:\/\/so-la-na.com\/euskalduna\/#primaryimage\"},\"datePublished\":\"2020-03-04T22:03:06+00:00\",\"dateModified\":\"2021-04-14T19:36:28+00:00\",\"inLanguage\":\"en-GB\",\"potentialAction\":[{\"@type\":\"ReadAction\",\"target\":[\"https:\/\/so-la-na.com\/euskalduna\/\"]}]}]}<\/script>\n<!-- \/ Yoast SEO plugin. -->","_links":{"self":[{"href":"https:\/\/so-la-na.com\/eng\/wp-json\/wp\/v2\/pages\/6066"}],"collection":[{"href":"https:\/\/so-la-na.com\/eng\/wp-json\/wp\/v2\/pages"}],"about":[{"href":"https:\/\/so-la-na.com\/eng\/wp-json\/wp\/v2\/types\/page"}],"author":[{"embeddable":true,"href":"https:\/\/so-la-na.com\/eng\/wp-json\/wp\/v2\/users\/1"}],"replies":[{"embeddable":true,"href":"https:\/\/so-la-na.com\/eng\/wp-json\/wp\/v2\/comments?post=6066"}],"version-history":[{"count":106,"href":"https:\/\/so-la-na.com\/eng\/wp-json\/wp\/v2\/pages\/6066\/revisions"}],"predecessor-version":[{"id":8655,"href":"https:\/\/so-la-na.com\/eng\/wp-json\/wp\/v2\/pages\/6066\/revisions\/8655"}],"wp:attachment":[{"href":"https:\/\/so-la-na.com\/eng\/wp-json\/wp\/v2\/media?parent=6066"}],"curies":[{"name":"wp","href":"https:\/\/api.w.org\/{rel}","templated":true}]}}