{"id":6068,"date":"2020-03-04T23:03:20","date_gmt":"2020-03-04T22:03:20","guid":{"rendered":"https:\/\/so-la-na.com?page_id=6068"},"modified":"2022-08-22T20:22:44","modified_gmt":"2022-08-22T18:22:44","slug":"especiales","status":"publish","type":"page","link":"https:\/\/so-la-na.com\/eng\/especiales\/","title":{"rendered":"Specials"},"content":{"rendered":"<p>\n\n\n<section id=\"section_id-16068\" class=\"fw-main-row-custom fw-main-row-top fw-section-no-padding publicacion-especiales\" style=\" \" >\n\t<div class=\"fw-col-inner fw-container\" >\n\t\t<div class=\"fw-row\">\n\t\n<div id=\"column-6a9949f56eeea\" class=\"fw-col-xs-12\" style=\" \">\n        <div class=\"fw-col-inner\" >\n\t\t<a href=\"https:\/\/www.tripslamanga.com\/eventos\/summer-flamenco-experience?id=240\" target=\"_blank\" ><img src=\"https:\/\/so-la-na.com\/wp-content\/uploads\/2022\/06\/1200-x-628px-Evento-Fb-1-1200x600.jpg\" alt=\"https:\/\/so-la-na.com\/wp-content\/uploads\/2022\/06\/1200-x-628px-Evento-Fb-1-1200x600.jpg\" width=\"1200\" height=\"600\" \/><\/a>\t<\/div>\n<\/div><\/div>\n\n<div class=\"fw-row\">\n\t\n<div id=\"column-6a9949f570c3e\" class=\"fw-col-xs-12\" style=\" \">\n        <div class=\"fw-col-inner\" >\n\t\t<h1>SUMMER FLAMENCO EXPERIENCE 2022<\/h1><h2>August 7, 8 and 9 - Trips Summer Club, La Manga<\/h2><p style=\"font-size: 20px;\">7 great Flamenco artists on stage, in a \"non-stop\" show lasting about 65 minutes, each one of whom is a leading figure in their specialty.<\/p><p style=\"font-size: 20px;\">The most racial dance with Amador Rojas and Yolanda Osuna, on guitar, \"Bord\u00f3n Minero\" Jos\u00e9 Tom\u00e1s Jim\u00e9nez, singing by Manu Soto and Bernardo Miranda, saxophone and flute by Sergio de Lope, \"Fil\u00f3n\" for best instrumentalist in cante de la Minas and Lolo Plant\u00f3n on percussion.<\/p><p><strong>Show ticket + drink: 29\u20ac.<\/strong><br \/><strong>Show ticket + dinner (minimum 2 persons): 59\u20ac.<\/strong><\/p><p style=\"text-align: center; font-size: 20px;\">A night you will never forget!<\/p><p style=\"font-size: 20px;\">Book your ticket or ticket + dinner by sending an email to info@so-la-na.com or by calling 968 146 215.<\/p><p style=\"font-size: 20px;\">If you are a company and want to reserve a table for 8 people, send an email to: info@so-la-na.com<\/p>\t<\/div>\n<\/div><\/div>\n\n\t<\/div>\n<\/section>\n\n\n<section id=\"section_id-26068\" class=\"fw-main-row-custom fw-section-no-padding publicacion-especiales\" style=\" \" >\n\t<div class=\"fw-col-inner fw-container\" >\n\t\t<div class=\"fw-row\">\n\t\n<div id=\"column-6a9949f572ad6\" class=\"fw-col-xs-12\" style=\" \">\n        <div class=\"fw-col-inner\" >\n\t\t<img src=\"https:\/\/so-la-na.com\/wp-content\/uploads\/2020\/07\/1200x500-web-1200x500.jpg\" alt=\"https:\/\/so-la-na.com\/wp-content\/uploads\/2020\/07\/1200x500-web-1200x500.jpg\" width=\"1200\" height=\"500\" \/>\t<\/div>\n<\/div><\/div>\n\n<div class=\"fw-row\">\n\t\n<div id=\"column-6a9949f574514\" class=\"fw-col-xs-12\" style=\" \">\n        <div class=\"fw-col-inner\" >\n\t\t<h1>SUMMER FLAMENCO EXPERIENCE 2020<\/h1><h2>August 14 and 15 - Trips Summer Club, La Manga<\/h2><p style=\"font-size: 20px;\">20 great flamenco artists in an unpublished production<\/p><p style=\"font-size: 20px;\">The best dance with Antonio Canales, Eduardo Guerrero, Yolanda Osuna and Amador Rojas. The best singing with Ricardo Ferna\u0301ndez Del Moral (Sing and Guitar), David Palomar, El Mati, Anabel Rivera, Manu Soto, Bernardo Miranda. The best guitars with Jose\u0301 Toma\u0301s Jime\u0301nez, El Nin\u0303o Seve and Javier Iba\u0301n\u0303ez. Music and percussion: O\u0301scar de Manuel (Transverse flute), * Sergio de Lope (Saxophone and transverse flute), Juan Diego Sa\u0301ez (Saxophone), Vi\u0301ctor Guadiana (Violin), Lolo Planto\u0301n (Flamenco Cajon) and * Javier Rabada\u0301n (Flamenco Cajon) , and costumes by Francis Montesinos.<\/p><p style=\"text-align: center; font-size: 20px;\">The best amusing evening you can imagine!<\/p>\t<\/div>\n<\/div><\/div>\n\n\t<\/div>\n<\/section>\n\n\n<section id=\"section_id-36068\" class=\"fw-main-row-custom fw-section-no-padding publicacion-especiales\" style=\" \" >\n\t<div class=\"fw-col-inner fw-container\" >\n\t\t<div class=\"fw-row\">\n\t\n<div id=\"column-6a9949f5761be\" class=\"fw-col-xs-12\" style=\" \">\n        <div class=\"fw-col-inner\" >\n\t\t<img src=\"https:\/\/so-la-na.com\/wp-content\/uploads\/2020\/05\/car\u00e1tula-Summer-Flamenco-Experience-1200x500.jpg\" alt=\"https:\/\/so-la-na.com\/wp-content\/uploads\/2020\/05\/car\u00e1tula-Summer-Flamenco-Experience-1200x500.jpg\" width=\"1200\" height=\"500\" \/>\t<\/div>\n<\/div><\/div>\n\n<div class=\"fw-row\">\n\t\n<div id=\"column-6a9949f577b56\" class=\"fw-col-xs-12\" style=\" \">\n        <div class=\"fw-col-inner\" >\n\t\t<h1>\"Summer Flamenco Experience\"<\/h1><h2>Port Adriano, Mallorca<\/h2><h3>summer 2018<\/h3>\t<\/div>\n<\/div><\/div>\n\n\t<\/div>\n<\/section>\n\n\n<section id=\"section_id-46068\" class=\"fw-main-row-custom fw-section-no-padding anuncio-jazz-container mode-right\" style=\" \" >\n\t<div class=\"fw-col-inner fw-container-fluid\" style=\"padding: 80px 15px 80px 15px;\">\n\t\t<div class=\"fw-row\">\n\t\n<div id=\"column-6a9949f579769\" class=\"fw-col-xs-12 fw-col-sm-6 imagen-container\" style=\" \">\n        <div class=\"fw-col-inner\" >\n\t\t<img src=\"https:\/\/so-la-na.com\/wp-content\/uploads\/2020\/05\/SFE-Cartel-apaisado-1-840x560.jpeg\" alt=\"https:\/\/so-la-na.com\/wp-content\/uploads\/2020\/05\/SFE-Cartel-apaisado-1-840x560.jpeg\" width=\"840\" height=\"560\" \/>\t<\/div>\n<\/div>\n<div id=\"column-6a9949f57a910\" class=\"fw-col-xs-12 fw-col-sm-6 descripcion-container\" style=\" \">\n        <div class=\"fw-col-inner\" >\n\t\t<h1 class=\"titulo-espectaculo\">SFE \"Summer Flamenco Experience\"<\/h1><p>Port Adriano is one of the most exclusive marinas in the Mediterranean. SFE festival enabled the delighted visitors to experience the best flamenco over July and August 2018.<\/p><p>Over the summer months, we released more than 600 micro shows in different parts of the Marina Port Adriano. We also presented our show \u201cLa Minas Puerto Flamenco\u201d on August 4, 2018, lining up with renowned artists such as Ara Malikian or Josep Carreras.<\/p><div class=\"video-wrapper shortcode-container\">\n\t<iframe title=\"SO-LA-NA presentaci\u00f3n de Summer Flamenco Experience in Port Adriano, Mallorca Port Adriano\" width=\"300\" height=\"169\" src=\"https:\/\/www.youtube.com\/embed\/IMjchUKR3vE?feature=oembed\" frameborder=\"0\" allow=\"accelerometer; autoplay; encrypted-media; gyroscope; picture-in-picture\" allowfullscreen><\/iframe><\/div>\n\t<\/div>\n<\/div><\/div>\n\n\t<\/div>\n<\/section>\n\n\n<section id=\"section_id-56068\" class=\"fw-main-row-custom fw-section-no-padding publicacion-especiales\" style=\" \" >\n\t<div class=\"fw-col-inner fw-container\" >\n\t\t<div class=\"fw-row\">\n\t\n<div id=\"column-6a9949f57de0e\" class=\"fw-col-xs-12\" style=\" \">\n        <div class=\"fw-col-inner\" >\n\t\t<img src=\"https:\/\/so-la-na.com\/wp-content\/uploads\/2022\/08\/Captura-de-pantalla-2022-08-22-a-las-20.07.37-1200x500.png\" alt=\"https:\/\/so-la-na.com\/wp-content\/uploads\/2022\/08\/Captura-de-pantalla-2022-08-22-a-las-20.07.37-1200x500.png\" width=\"1200\" height=\"500\" \/>\t<\/div>\n<\/div><\/div>\n\n<div class=\"fw-row\">\n\t\n<div id=\"column-6a9949f580202\" class=\"fw-col-xs-12\" style=\" \">\n        <div class=\"fw-col-inner\" style=\"padding: 30px 0px 0px 0px;\">\n\t\t<h1 id=\"monumental\">Flamenco Euskalduna<\/h1><h3>May -July 2021 - Palacio Euskalduna - Bilbao<\/h3>\t<\/div>\n<\/div><\/div>\n\n\t<\/div>\n<\/section>\n\n\n<section id=\"section_id-66068\" class=\"fw-main-row-custom fw-section-no-padding anuncio-jazz-container mode-left\" style=\" \" >\n\t<div class=\"fw-col-inner fw-container-fluid\" style=\"padding: 80px 15px 80px 15px;\">\n\t\t<div class=\"fw-row\">\n\t\n<div id=\"column-6a9949f582bfe\" class=\"fw-col-xs-12 fw-col-sm-6 descripcion-container\" style=\" \">\n        <div class=\"fw-col-inner\" >\n\t\t<h1 class=\"titulo-espectaculo\">Poseidon<\/h1><h3 class=\"subtitulo-anuncio\">May 2, 2021<\/h3><p>This Sevillian bailaor (flamenco dancer) has created an allegory of human suffering triggered by mankind and the need for a God (Poseid\u00f3n) to intervene.<\/p><div class=\"video-wrapper shortcode-container\">\n\t<iframe title=\"&quot;Poseid\u00f3n&quot; de Amador Rojas (Teatro Principal de Alicante 27-2-20)\" width=\"300\" height=\"169\" src=\"https:\/\/www.youtube.com\/embed\/wf4urURAB-4?feature=oembed\" frameborder=\"0\" allow=\"accelerometer; autoplay; clipboard-write; encrypted-media; gyroscope; picture-in-picture\" allowfullscreen poseid\u00f3n\"de amador rojas (teatro principal alicante 27-2-20)\"><\/iframe><\/div>\n\t<\/div>\n<\/div>\n<div id=\"column-6a9949f5847da\" class=\"fw-col-xs-12 fw-col-sm-6 imagen-container\" style=\" \">\n        <div class=\"fw-col-inner\" >\n\t\t<img src=\"https:\/\/so-la-na.com\/wp-content\/uploads\/2022\/08\/Poseidon-840x702-1-840x560.jpg\" alt=\"https:\/\/so-la-na.com\/wp-content\/uploads\/2022\/08\/Poseidon-840x702-1-840x560.jpg\" width=\"840\" height=\"560\" \/>\t<\/div>\n<\/div><\/div>\n\n\t<\/div>\n<\/section>\n\n\n<section id=\"section_id-76068\" class=\"fw-main-row-custom fw-section-no-padding anuncio-jazz-container mode-left\" style=\" \" >\n\t<div class=\"fw-col-inner fw-container-fluid\" style=\"padding: 80px 15px 80px 15px;\">\n\t\t<div class=\"fw-row\">\n\t\n<div id=\"column-6a9949f587a78\" class=\"fw-col-xs-12 fw-col-sm-6 imagen-container\" style=\" \">\n        <div class=\"fw-col-inner\" >\n\t\t<img src=\"https:\/\/so-la-na.com\/wp-content\/uploads\/2022\/08\/JuanluVela_0691-2-840x602-1-840x560.jpg\" alt=\"https:\/\/so-la-na.com\/wp-content\/uploads\/2022\/08\/JuanluVela_0691-2-840x602-1-840x560.jpg\" width=\"840\" height=\"560\" \/>\t<\/div>\n<\/div>\n<div id=\"column-6a9949f588fa5\" class=\"fw-col-xs-12 fw-col-sm-6 descripcion-container\" style=\" \">\n        <div class=\"fw-col-inner\" >\n\t\t<h1 class=\"titulo-espectaculo\">Las Minas<\/h1><h3 class=\"subtitulo-anuncio\">June 10, 2021<\/h3><p>Ricardo and Yolanda, together on this occasion, will perform traditional and fundamental flamenco beats such as Sole\u00e1 or Cante Minero-Levantinos as well as other more festive styles and flamenco versions of popular songs such as La \"Bien Pag\u00e1\", alegr\u00edas, habaneras de C\u00e1diz and cupl\u00e9 por buler\u00edas. Tonight, the artists will perform the three most important disciplines of flamenco art: singing, guitar and dance.<\/p><div class=\"video-wrapper shortcode-container\">\n\t<iframe title=\"&quot;Bie\u0301n Paga\u0301&quot;  Ricardo Fern\u00e1ndez del Moral y Yolanda Osuna\" width=\"300\" height=\"169\" src=\"https:\/\/www.youtube.com\/embed\/ooiqe6_xCGA?feature=oembed\" frameborder=\"0\" allow=\"accelerometer; autoplay; clipboard-write; encrypted-media; gyroscope; picture-in-picture\" allowfullscreen bie\u0301npaga\u0301\" ricardo fern\u00e1ndez del moral y yolanda osuna\"><\/iframe><\/div>\n\t<\/div>\n<\/div><\/div>\n\n\t<\/div>\n<\/section>\n\n\n<section id=\"section_id-86068\" class=\"fw-main-row-custom fw-section-no-padding anuncio-jazz-container mode-left\" style=\" \" >\n\t<div class=\"fw-col-inner fw-container-fluid\" style=\"padding: 80px 15px 80px 15px;\">\n\t\t<div class=\"fw-row\">\n\t\n<div id=\"column-6a9949f58b6dc\" class=\"fw-col-xs-12 fw-col-sm-6 descripcion-container\" style=\" \">\n        <div class=\"fw-col-inner\" >\n\t\t<h1 class=\"titulo-espectaculo\">Faro<\/h1><h3 class=\"subtitulo-anuncio\">7 July 2021<\/h3><p>Faro offers you a unique experience. It is a 60-minute flamenco show inspired by the poetry of the lighthouses (Faro), testimony of countless battles and magical celebrations. You will enjoy an unforgettable flamenco night in the most privileged setting.<br \/>Eduardo Guerrero, the most international Spanish dancer, will make you feel his passion in this exclusive night.<\/p><div class=\"video-wrapper shortcode-container\">\n\t<iframe title=\"V\u00eddeo Promocional de la gira FARO\" width=\"300\" height=\"169\" src=\"https:\/\/www.youtube.com\/embed\/-H9pWm5yAvg?feature=oembed\" frameborder=\"0\" allow=\"accelerometer; autoplay; clipboard-write; encrypted-media; gyroscope; picture-in-picture\" allowfullscreen><\/iframe><\/div>\n\t<\/div>\n<\/div>\n<div id=\"column-6a9949f58cf72\" class=\"fw-col-xs-12 fw-col-sm-6 imagen-container\" style=\" \">\n        <div class=\"fw-col-inner\" >\n\t\t<img src=\"https:\/\/so-la-na.com\/wp-content\/uploads\/2022\/08\/JuanluVela_3584-840x602-1-840x560.jpg\" alt=\"https:\/\/so-la-na.com\/wp-content\/uploads\/2022\/08\/JuanluVela_3584-840x602-1-840x560.jpg\" width=\"840\" height=\"560\" \/>\t<\/div>\n<\/div><\/div>\n\n\t<\/div>\n<\/section>\n\n\n<section id=\"section_id-96068\" class=\"fw-main-row-custom fw-section-no-padding publicacion-especiales\" style=\" \" >\n\t<div class=\"fw-col-inner fw-container\" >\n\t\t<div class=\"fw-row\">\n\t\n<div id=\"column-6a9949f591f75\" class=\"fw-col-xs-12\" style=\" \">\n        <div class=\"fw-col-inner\" >\n\t\t<img src=\"https:\/\/so-la-na.com\/wp-content\/uploads\/2020\/05\/Caratula-Monumental-copia-1200x500.jpg\" alt=\"https:\/\/so-la-na.com\/wp-content\/uploads\/2020\/05\/Caratula-Monumental-copia-1200x500.jpg\" width=\"1200\" height=\"500\" \/>\t<\/div>\n<\/div><\/div>\n\n<div class=\"fw-row\">\n\t\n<div id=\"column-6a9949f593aa0\" class=\"fw-col-xs-12\" style=\" \">\n        <div class=\"fw-col-inner\" style=\"padding: 30px 0px 0px 0px;\">\n\t\t<h1 id=\"monumental\">Nights at Monumental<\/h1><h3>Winter 2020 - Monumental Theater - Madrid<\/h3>\t<\/div>\n<\/div><\/div>\n\n\t<\/div>\n<\/section>\n\n\n<section id=\"section_id-106068\" class=\"fw-main-row-custom fw-section-no-padding anuncio-jazz-container mode-left\" style=\" \" >\n\t<div class=\"fw-col-inner fw-container-fluid\" style=\"padding: 80px 15px 80px 15px;\">\n\t\t<div class=\"fw-row\">\n\t\n<div id=\"column-6a9949f596d50\" class=\"fw-col-xs-12 fw-col-sm-6 descripcion-container\" style=\" \">\n        <div class=\"fw-col-inner\" >\n\t\t<h1 class=\"titulo-espectaculo\">\"Nights at Monumental\" by RTVE<\/h1><h3 class=\"subtitulo-anuncio\">January - May 2020<\/h3><p>SOLANA Entertainment has produced an exclusive series of six flamenco and jazz art shows within the program \"Las Noches del Monumental\". All the shows will be accessible on RTVE website.<\/p><p>Every evening, the Monumental Theatre of Madrid hosts a series of events of classical music, jazz, flamenco and modern music played by the Spanish National Television Orchestra and Choir together with other world renown artists.<\/p><div class=\"video-wrapper shortcode-container\">\n\t<iframe title=\"Las Noches del Monumental SO LA NA\u00b4S Flamenco Stars 10-1-20\" width=\"300\" height=\"169\" src=\"https:\/\/www.youtube.com\/embed\/cCOSvWsqUDE?feature=oembed\" frameborder=\"0\" allow=\"accelerometer; autoplay; encrypted-media; gyroscope; picture-in-picture\" allowfullscreen><\/iframe><\/div>\n\t<\/div>\n<\/div>\n<div id=\"column-6a9949f59999f\" class=\"fw-col-xs-12 fw-col-sm-6 imagen-container\" style=\" \">\n        <div class=\"fw-col-inner\" >\n\t\t<img src=\"https:\/\/so-la-na.com\/wp-content\/uploads\/2020\/05\/ProyectosRecientes-e1589755844568-840x560.png\" alt=\"https:\/\/so-la-na.com\/wp-content\/uploads\/2020\/05\/ProyectosRecientes-e1589755844568-840x560.png\" width=\"840\" height=\"560\" \/>\t<\/div>\n<\/div><\/div>\n\n\t<\/div>\n<\/section>\n\n\n<section id=\"section_id-116068\" class=\"fw-main-row-custom fw-section-no-padding publicacion-especiales\" style=\" \" >\n\t<div class=\"fw-col-inner fw-container-fluid\" >\n\t\t<div class=\"fw-row\">\n\t\n<div id=\"column-6a9949f59bbe5\" class=\"fw-col-xs-12\" style=\" \">\n        <div class=\"fw-col-inner\" >\n\t\t<img src=\"https:\/\/so-la-na.com\/wp-content\/uploads\/2020\/05\/Car\u00e1tula-Intercontinental-3-1-2400x1000.jpg\" alt=\"https:\/\/so-la-na.com\/wp-content\/uploads\/2020\/05\/Car\u00e1tula-Intercontinental-3-1-2400x1000.jpg\" width=\"2400\" height=\"1000\" \/>\t<\/div>\n<\/div><\/div>\n\n<div class=\"fw-row\">\n\t\n<div id=\"column-6a9949f59d54f\" class=\"fw-col-xs-12\" style=\" \">\n        <div class=\"fw-col-inner\" >\n\t\t<h1>Intercontinental Flamenco Experience<\/h1><h3>Spring 2019 - Hotel Intercontinental - Madrid<\/h3>\t<\/div>\n<\/div><\/div>\n\n\t<\/div>\n<\/section>\n\n\n<section id=\"section_id-126068\" class=\"fw-main-row-custom fw-section-no-padding anuncio-jazz-container mode-right\" style=\" \" >\n\t<div class=\"fw-col-inner fw-container-fluid\" style=\"padding: 80px 15px 80px 15px;\">\n\t\t<div class=\"fw-row\">\n\t\n<div id=\"column-6a9949f59f1d7\" class=\"fw-col-xs-12 fw-col-sm-6 imagen-container\" style=\" \">\n        <div class=\"fw-col-inner\" >\n\t\t<img src=\"https:\/\/so-la-na.com\/wp-content\/uploads\/2020\/05\/reducida-1-840x560.jpg\" alt=\"https:\/\/so-la-na.com\/wp-content\/uploads\/2020\/05\/reducida-1-840x560.jpg\" width=\"840\" height=\"560\" \/>\t<\/div>\n<\/div>\n<div id=\"column-6a9949f5a0386\" class=\"fw-col-xs-12 fw-col-sm-6 descripcion-container\" style=\" \">\n        <div class=\"fw-col-inner\" >\n\t\t<h1 class=\"titulo-espectaculo\">\"Intercontinental Flamenco Experience\"<\/h1><h3 class=\"subtitulo-anuncio\">Spring 2019<\/h3><p>We produced a series of four flamenco shows for Intercontinental Hotel in Madrid. The best flamenco was played in the most exclusive setting, the beautiful lobby at Intercontinental Hotel.<\/p><p>This hotel offered a unique experience for VIP customers and it also attracted new guests to the hotel facilities. The performances took place several Thursdays during May and June 2019.<\/p><div class=\"video-wrapper shortcode-container\">\n\t<iframe title=\"Intercontinental Flamenco Experience\" width=\"300\" height=\"169\" src=\"https:\/\/www.youtube.com\/embed\/bBJI7eoCumI?feature=oembed\" frameborder=\"0\" allow=\"accelerometer; autoplay; encrypted-media; gyroscope; picture-in-picture\" allowfullscreen><\/iframe><\/div>\n\t<\/div>\n<\/div><\/div>\n\n\t<\/div>\n<\/section>\n\n\n<section id=\"section_id-136068\" class=\"fw-main-row-custom fw-section-no-padding end-home-container nosotros-container\" style=\" \" >\n\t<div class=\"fw-col-inner fw-container\" style=\"padding: 10px 15px 0px 15px;\">\n\t\t<div class=\"fw-row\">\n\t\n<div id=\"column-6a9949f5a298c\" class=\"fw-col-xs-12\" style=\" \">\n        <div class=\"fw-col-inner\" >\n\t\t<h1>SO-LA-NA Specials<\/h1><h1>We produce exclusive experiences, our own festivals as well as for our clients<\/h1><h2>SO-LA-NA. Entertainment is a benchmark in the creation and production of exclusive shows. We develop experiences that transcend the art of flamenco, the performing arts and musicals in general, pursuing uniqueness, brilliance and authenticity.<\/h2>\t<\/div>\n<\/div><\/div>\n\n\t<\/div>\n<\/section><\/p>","protected":false},"excerpt":{"rendered":"<p>especiales<\/p>","protected":false},"author":1,"featured_media":0,"parent":0,"menu_order":0,"comment_status":"closed","ping_status":"closed","template":"page-templates\/homepage-builder.php","meta":[],"yoast_head":"<!-- This site is optimized with the Yoast SEO plugin v15.2 - https:\/\/yoast.com\/wordpress\/plugins\/seo\/ -->\n<title>Especiales - SO-LA-NA<\/title>\n<meta name=\"robots\" content=\"index, follow, max-snippet:-1, max-image-preview:large, max-video-preview:-1\" \/>\n<link rel=\"canonical\" href=\"https:\/\/so-la-na.com\/eng\/especiales\/\" \/>\n<meta property=\"og:locale\" content=\"en_GB\" \/>\n<meta property=\"og:type\" content=\"article\" \/>\n<meta property=\"og:title\" content=\"Especiales - SO-LA-NA\" \/>\n<meta property=\"og:description\" content=\"especiales\" \/>\n<meta property=\"og:url\" content=\"https:\/\/so-la-na.com\/eng\/especiales\/\" \/>\n<meta property=\"og:site_name\" content=\"SO-LA-NA\" \/>\n<meta property=\"article:modified_time\" content=\"2022-08-22T18:22:44+00:00\" \/>\n<meta property=\"og:image\" content=\"https:\/\/so-la-na.com\/wp-content\/uploads\/2022\/06\/1200-x-628px-Evento-Fb-1-1200x600.jpg\" \/>\n<meta name=\"twitter:card\" content=\"summary_large_image\" \/>\n<meta name=\"twitter:label1\" value=\"Written by\">\n\t<meta name=\"twitter:data1\" value=\"s0lan4\">\n\t<meta name=\"twitter:label2\" value=\"Estimated reading time\">\n\t<meta name=\"twitter:data2\" value=\"3 minutes\">\n<script type=\"application\/ld+json\" class=\"yoast-schema-graph\">{\"@context\":\"https:\/\/schema.org\",\"@graph\":[{\"@type\":\"Organization\",\"@id\":\"https:\/\/so-la-na.com\/#organization\",\"name\":\"SO-LA-NA\",\"url\":\"https:\/\/so-la-na.com\/\",\"sameAs\":[],\"logo\":{\"@type\":\"ImageObject\",\"@id\":\"https:\/\/so-la-na.com\/#logo\",\"inLanguage\":\"en-GB\",\"url\":\"https:\/\/so-la-na.com\/wp-content\/uploads\/2020\/05\/SO-LA-NA.png\",\"width\":850,\"height\":850,\"caption\":\"SO-LA-NA\"},\"image\":{\"@id\":\"https:\/\/so-la-na.com\/#logo\"}},{\"@type\":\"WebSite\",\"@id\":\"https:\/\/so-la-na.com\/#website\",\"url\":\"https:\/\/so-la-na.com\/\",\"name\":\"SO-LA-NA\",\"description\":\"Producciones musicales. Flamenco. Jazz.\",\"publisher\":{\"@id\":\"https:\/\/so-la-na.com\/#organization\"},\"potentialAction\":[{\"@type\":\"SearchAction\",\"target\":\"https:\/\/so-la-na.com\/?s={search_term_string}\",\"query-input\":\"required name=search_term_string\"}],\"inLanguage\":\"en-GB\"},{\"@type\":\"ImageObject\",\"@id\":\"https:\/\/so-la-na.com\/especiales\/#primaryimage\",\"inLanguage\":\"en-GB\",\"url\":\"https:\/\/so-la-na.com\/wp-content\/uploads\/2022\/06\/1200-x-628px-Evento-Fb-1.jpg\",\"width\":1200,\"height\":628},{\"@type\":\"WebPage\",\"@id\":\"https:\/\/so-la-na.com\/especiales\/#webpage\",\"url\":\"https:\/\/so-la-na.com\/especiales\/\",\"name\":\"Especiales - SO-LA-NA\",\"isPartOf\":{\"@id\":\"https:\/\/so-la-na.com\/#website\"},\"primaryImageOfPage\":{\"@id\":\"https:\/\/so-la-na.com\/especiales\/#primaryimage\"},\"datePublished\":\"2020-03-04T22:03:20+00:00\",\"dateModified\":\"2022-08-22T18:22:44+00:00\",\"inLanguage\":\"en-GB\",\"potentialAction\":[{\"@type\":\"ReadAction\",\"target\":[\"https:\/\/so-la-na.com\/especiales\/\"]}]}]}<\/script>\n<!-- \/ Yoast SEO plugin. -->","_links":{"self":[{"href":"https:\/\/so-la-na.com\/eng\/wp-json\/wp\/v2\/pages\/6068"}],"collection":[{"href":"https:\/\/so-la-na.com\/eng\/wp-json\/wp\/v2\/pages"}],"about":[{"href":"https:\/\/so-la-na.com\/eng\/wp-json\/wp\/v2\/types\/page"}],"author":[{"embeddable":true,"href":"https:\/\/so-la-na.com\/eng\/wp-json\/wp\/v2\/users\/1"}],"replies":[{"embeddable":true,"href":"https:\/\/so-la-na.com\/eng\/wp-json\/wp\/v2\/comments?post=6068"}],"version-history":[{"count":84,"href":"https:\/\/so-la-na.com\/eng\/wp-json\/wp\/v2\/pages\/6068\/revisions"}],"predecessor-version":[{"id":8665,"href":"https:\/\/so-la-na.com\/eng\/wp-json\/wp\/v2\/pages\/6068\/revisions\/8665"}],"wp:attachment":[{"href":"https:\/\/so-la-na.com\/eng\/wp-json\/wp\/v2\/media?parent=6068"}],"curies":[{"name":"wp","href":"https:\/\/api.w.org\/{rel}","templated":true}]}}