{"id":7989,"date":"2021-02-09T12:10:00","date_gmt":"2021-02-09T10:10:00","guid":{"rendered":"https:\/\/so-la-na.com\/?page_id=7989"},"modified":"2021-03-03T12:23:02","modified_gmt":"2021-03-03T10:23:02","slug":"politica-de-privacidad-de-flamenco-real-s-l","status":"publish","type":"page","link":"https:\/\/so-la-na.com\/eng\/politica-de-privacidad-de-flamenco-real-s-l\/","title":{"rendered":"Privacy policy of Flamenco Real, S.L."},"content":{"rendered":"<p class=\"has-medium-font-size\"><strong>POL\u00cdTICA DE PRIVACIDAD<\/strong><\/p>\n\n\n\n<p>On <em>Flamenco Real<\/em> otorgamos gran valor a la transparencia y a la seguridad de su informaci\u00f3n y aspiramos a construir con nuestros usuarios y clientes relaciones s\u00f3lidas y duraderas, basadas en la confianza y el inter\u00e9s mutuo. De acuerdo con esta filosof\u00eda, la protecci\u00f3n de sus datos personales es de vital importancia para nosotros.<\/p>\n\n\n\n<p>Le rogamos lea detenidamente esta pol\u00edtica de privacidad, ya que describe nuestra pr\u00e1ctica de recopilaci\u00f3n, uso, divulgaci\u00f3n, tratamiento y protecci\u00f3n de sus datos personales. Esta informaci\u00f3n ha sido redactada de forma clara y sencilla, para facilitar su comprensi\u00f3n y determinar libre y voluntariamente si desea facilitarnos sus datos personales.<\/p>\n\n\n\n<p>La utilizaci\u00f3n de esta web, as\u00ed como la contrataci\u00f3n de cualquiera de nuestros servicios requiere la aceptaci\u00f3n expresa de esta Pol\u00edtica. Le informamos que, <strong>todos los datos personales que Ud. nos facilite,<\/strong> bien sea a trav\u00e9s de formularios web o correo electr\u00f3nico estar\u00e1 bajo la aplicaci\u00f3n de esta pol\u00edtica de privacidad.<\/p>\n\n\n\n<p>Nos hemos esforzado en crear un espacio web seguro y confiable y por eso queremos compartir nuestros <strong>PRINCIPIOS respecto a su <\/strong><strong>PRIVACIDAD<\/strong>:<\/p>\n\n\n\n<p>1) Respetamos su privacidad y sus elecciones. Nos aseguramos de que la privacidad y la seguridad est\u00e9n incorporadas en todo lo que hacemos. Cumplimos las exigencias sobre protecci\u00f3n de datos personales contenidas en el Reglamento Europeo 679\/2016 y LO 3\/2018 de Protecci\u00f3n de Datos.<\/p>\n\n\n\n<p>2) No le enviaremos comunicaciones de marketing salvo que tengamos su consentimiento o mantenga una relaci\u00f3n comercial con nosotros. Puede cambiar de opini\u00f3n en cualquier momento.<\/p>\n\n\n\n<p>3) Nunca ofrecemos ni vendemos sus datos. No utilizamos sus datos de forma que no le hayamos informado antes.<\/p>\n\n\n\n<p>4) Nos comprometemos a mantener sus datos seguros y protegidos. Esto incluye solo trabajar con socios de confianza. Nos comprometemos a ser abiertos y transparentes sobre c\u00f3mo usamos sus datos.<\/p>\n\n\n\n<p>5) Respetamos sus derechos y siempre tratamos de acomodar sus solicitudes en la medida de lo posible, de acuerdo con nuestras propias responsabilidades legales y operativas.<\/p>\n\n\n\n<p><strong>1)- \u00bfQUI\u00c9N es el RESPONSABLE del tratamiento de sus datos?<\/strong><\/p>\n\n\n\n<p>The <strong>Responsable<\/strong> <strong>del tratamiento<\/strong> de sus datos personales es la empresa FLAMENCO REAL, S.L.<em> <\/em><em>con <\/em>CIF. B-87012415<em> (<\/em>en adelante bajo la denominaci\u00f3n comercial de <em>Flamenco Real).<\/em><\/p>\n\n\n\n<p>Domicilio Social: Calle Alfonso XII, N\u00ba 66, 2\u00ba Int. Izda., C.P. 28.014, Madrid.<\/p>\n\n\n\n<p>Email: <a href=\"mailto:administracion@so-la-na.com\">administracion@so-la-na.com<\/a><strong><\/strong><\/p>\n\n\n\n<p>Tel\u00e9fono:&nbsp; 669 37 69 18<\/p>\n\n\n\n<p>A efectos de nuestra pol\u00edtica de protecci\u00f3n de datos puede contactar con <em>Flamenco Real <\/em>mediante escrito dirigido al domicilio arriba indicado o por correo electr\u00f3nico a<a> <\/a><a href=\"mailto:administracion@so-la-na.com\">administracion@so-la-na.com<\/a>.<\/p>\n\n\n\n<p><strong>2- \u00bfQU\u00c9 DATOS personales son necesarios y podr\u00e1n ser recabados?<\/strong><\/p>\n\n\n\n<p><em>Dato Personal<\/em> hace referencia a cualquier informaci\u00f3n o dato que pueda identificarlo directa o indirectamente, podremos recabar: su nombre o apellidos, su D.N.I., datos bancarios, correo electr\u00f3nico, direcciones postales particulares, tel\u00e9fono m\u00f3vil, nombres de usuario, im\u00e1genes de perfil, etc. Podemos recabar o recibir sus datos on- line (correo electr\u00f3nico, redes sociales, etc) u off-line (formularios, contratos, entre otros).<\/p>\n\n\n\n<p><strong><em>Obtenci\u00f3n del propio interesado<\/em><\/strong><strong>: <\/strong>Los datos de car\u00e1cter personal que nos facilite ser\u00e1n incorporados a bases de datos informatizadas o ficheros f\u00edsicos que, a su vez est\u00e1n sujetos a medidas de seguridad y recogidos en un registro de actividades propiedad de <em>Flamenco Real<\/em>. El registro de actividades de tratamiento es una lista de informaci\u00f3n resumida de los tratamientos de datos que realizamos y est\u00e1 a disposici\u00f3n de la Agencia Espa\u00f1ola de Protecci\u00f3n de Datos.<\/p>\n\n\n\n<p><em>Flamenco Real<\/em> no analiza ni utiliza, en ning\u00fan caso, medios externos a nuestra relaci\u00f3n directa con nuestros usuarios y clientes. Todos los datos inferidos que podamos usar son referentes a su interacci\u00f3n con nosotros o con los colaboradores y proveedores legitimados.<\/p>\n\n\n\n<p>Los datos personales que le solicitamos son necesarios para gestionar sus consultas, o para cumplir con la relaci\u00f3n contractual que mantenemos, por lo que, si no los facilita, no podremos atenderle. Cuando nos facilita sus datos personales, garantiza que est\u00e1 habilitado para dar esa informaci\u00f3n y que la misma es cierta, veraz, exacta y actualizada, que no es confidencial, que no viola ninguna restricci\u00f3n contractual o derechos de terceros.<\/p>\n\n\n\n<p><em>Datos de terceros<\/em>. Con respecto a los datos de otras personas, debe respetar su privacidad teniendo especial cuidado al comunicar sus datos de car\u00e1cter personal. S\u00f3lo el titular puede autorizar el tratamiento de sus datos personales. Si nos facilita datos de terceros, es su responsabilidad contar con su consentimiento previo y expreso para utilizarlos y comunic\u00e1rnoslos, y es su responsabilidad informarles de la inclusi\u00f3n de sus datos en nuestros ficheros.<\/p>\n\n\n\n<p>Si nos aporta datos personales de terceros, por la aceptaci\u00f3n de la presente pol\u00edtica de privacidad, Ud. garantiza expresamente que dispone de la autorizaci\u00f3n del interesado para ello, exoner\u00e1ndonos de cualquier responsabilidad al respecto, responsabilidad que asume \u00fanica y exclusivamente quien nos ha comunicado los datos en nombre de aqu\u00e9l.<\/p>\n\n\n\n<p><em>Datos de menores de edad.<\/em> <em>Flamenco Real<\/em> no trata datos de menores de edad. Los menores de 14 a\u00f1os no podr\u00e1n facilitarnos sus datos personales, para ello ser\u00e1 precisa la autorizaci\u00f3n de sus padres (de ambos o al menos de uno con el consentimiento del otro), tutores, representante legal o de la persona a la que est\u00e9n a cargo. No asumimos responsabilidad alguna en caso de que menores de edad nos faciliten sus datos incumpliendo las exigencias de este p\u00e1rrafo.<\/p>\n\n\n\n<p><strong>3- <\/strong><strong>Tratamiento de datos facilitados a trav\u00e9s de nuestra WEB<\/strong><\/p>\n\n\n\n<p>En general puede visitar nuestra p\u00e1gina web sin facilitar ninguna informaci\u00f3n de car\u00e1cter personal. Disponemos de varios formularios de contacto que tienen identificados aquellos datos que son de obligada cumplimentaci\u00f3n, y por lo tanto requisito indispensable para poder gestionar su consulta o solicitud. Las casillas marcadas con el s\u00edmbolo [*] son de car\u00e1cter obligatorio, y su cumplimentaci\u00f3n supone la aceptaci\u00f3n plena e incondicional de esta pol\u00edtica de privacidad.<\/p>\n\n\n\n<p>Los datos que le pedimos son los m\u00ednimos imprescindibles para la acci\u00f3n requerida, si no contesta dichos apartados, no podremos atender correctamente su solicitud. Por favor, en los formularios evite incluir informaci\u00f3n confidencialidad o sensible. En caso de que necesitemos alguna informaci\u00f3n adicional, nos pondremos en contacto con Ud.<\/p>\n\n\n\n<p>Nuestros formularios incluyen una cl\u00e1usula espec\u00edfica de privacidad que informa al usuario previo a obtener su consentimiento al tratamiento automatizado de sus datos, que <em>Flamenco Real<\/em> utilizar\u00e1 exclusivamente para las finalidades que se informan en cada caso, con car\u00e1cter general, mediante la utilizaci\u00f3n de formularios y correo electr\u00f3nicos de contacto, el usuario consiente expresamente el tratamiento de sus datos personales con las siguientes finalidades:<a> <\/a>env\u00edo de informaci\u00f3n relativa a nuestros servicios como organizadores de eventos y espect\u00e1culos art\u00edsticos y de flamenco.<\/p>\n\n\n\n<p>Concretamente a trav\u00e9s del formulario <strong>\u201cSUSCRIPCI\u00d3N AL NEWSLETTER\u201d<\/strong>:<\/p>\n\n\n\n<ul><li>&nbsp;Facilitarle la suscripci\u00f3n a nuestro bolet\u00edn de noticias con la finalidad de enviarle peri\u00f3dicamente informaci\u00f3n sobre los eventos y espect\u00e1culos que producimos.<\/li><\/ul>\n\n\n\n<ul><li>&nbsp;Su consentimiento expreso al suscribirse al bolet\u00edn. Para enviar el formulario tendr\u00e1 que marcar un check box y dar su consentimiento al tratamiento de sus datos personales y aceptaci\u00f3n de nuestra pol\u00edtica de privacidad, antes de pulsar el bot\u00f3n enviar.<\/li><\/ul>\n\n\n\n<ul><li>Gestor de email marketing: MailChimp cuyos niveles de seguridad puede consultar en <a href=\"http:\/\/www.mailchimp.com\/es\/help\/mailchimp-european-data-transfer\/\">www.mailchimp.com\/es\/help\/mailchimp-european-data-transfer\/<\/a> y los riesgos que conlleva (Punto 9 de esta Pol\u00edtica de Privacidad).<\/li><\/ul>\n\n\n\n<ul><li>Hasta que solicite la baja de estas comunicaciones.<\/li><\/ul>\n\n\n\n<p>De acuerdo con lo dispuesto en la Ley 34\/2002, de 11 de Julio, de Servicios de la Sociedad de Informaci\u00f3n y de Comercio Electr\u00f3nico, <em>Flamenco Real<\/em>, se compromete a no enviar publicidad a trav\u00e9s del correo electr\u00f3nico sin haber recabado antes la expresa autorizaci\u00f3n del destinatario.<\/p>\n\n\n\n<p><strong>4- \u00bfPara qu\u00e9 FINALIDAD y sobre qu\u00e9 BASE LEGAL vamos a tratar sus datos personales?<\/strong><\/p>\n\n\n\n<p><em>Flamenco Real<\/em> tratar\u00e1 los datos personales estrictamente necesarios en relaci\u00f3n con los fines para los que sean tratados en cada caso, conforme a los principios dispuestos en el art. 5 del RGPD y facilitar\u00e1 a los interesados, en el momento en que se obtengan sus datos personales, la informaci\u00f3n necesaria para garantizar un tratamiento leal y transparente.<\/p>\n\n\n\n<p>A continuaci\u00f3n, le explicamos con qu\u00e9 finalidad y sobre qu\u00e9 base legal tratamos sus datos personales. En <em>Flamenco Real<\/em><strong><em> <\/em><\/strong>tratamos sus datos personales con las siguientes<strong> FINALIDADES y BASES LEGALES<\/strong>:<\/p>\n\n\n\n<ol type=\"I\"><li><strong>Para gestionar las solicitudes de informaci\u00f3n y contestar consultas a trav\u00e9s de la Web.<\/strong><\/li><\/ol>\n\n\n\n<p>En el caso de los tratamientos generados con los datos de car\u00e1cter personal suministrados por los usuarios de la web, la recogida y tratamiento automatizado de los datos tiene como finalidad la gesti\u00f3n, ampliaci\u00f3n y mejora de la informaci\u00f3n o servicio solicitados y el posterior seguimiento por medios electr\u00f3nicos de las consultas planteadas.<\/p>\n\n\n\n<p><strong>BASE LEGAL<\/strong>: el tratamiento de los datos tiene su base legal en el <strong>consentimiento del interesado<\/strong> al remitirnos sus consultas, art. 6.1.a) del RGPD.<\/p>\n\n\n\n<ol type=\"I\"><li><strong>Para gestionar la relaci\u00f3n contractual y comercial con CLIENTES<\/strong><\/li><\/ol>\n\n\n\n<p>Aqu\u00ed el tratamiento de datos incluye la gesti\u00f3n integral del contrato de servicios con clientes: gesti\u00f3n y seguimiento de presupuestos; gesti\u00f3n contractual, administrativa y contable; env\u00edo de comunicaciones electr\u00f3nicas para gesti\u00f3n y respuesta a consultas y requerimientos; facturaci\u00f3n y gestiones de cobro; gesti\u00f3n de disputas relacionadas con el servicio prestado.<\/p>\n\n\n\n<p>No vamos a elaborar perfiles comerciales en base a la informaci\u00f3n facilitada y en consecuencia tampoco tomaremos decisiones automatizadas sobre Ud. en base a dicho perfil comercial.<\/p>\n\n\n\n<p><strong>BASE LEGAL<\/strong>: el tratamiento de los datos tiene su base legal en el cumplimiento del respectivo <strong>contrato <\/strong>de servicios con clientes o en la ejecuci\u00f3n de<strong> medidas precontractuales <\/strong>(presupuesto),<strong> art. 6.1.b. RGPD<\/strong>: mantenimiento, cumplimiento y desarrollo de la relaci\u00f3n contractual entre las partes, siendo sus datos personales imprescindibles para tal fin.<\/p>\n\n\n\n<ol type=\"I\"><li><strong>Para gestionar la relaci\u00f3n contractual con nuestros pROVEEDORES<\/strong><\/li><\/ol>\n\n\n\n<p><em>Flamenco Real<\/em> tratar\u00e1 los datos personales de sus Proveedores, con la finalidad de cumplir con las obligaciones adquiridas en virtud de la respectiva relaci\u00f3n contractual: gesti\u00f3n administrativa, fiscal, contable y de facturaci\u00f3n.<\/p>\n\n\n\n<p>El Tratamiento de los datos que se recojan en virtud de lo aqu\u00ed dispuesto ser\u00e1 llevado a cabo y estar\u00e1 vigente mientras se mantenga la finalidad por la cual fueron recabados y hasta la prescripci\u00f3n de responsabilidades entre las partes.<\/p>\n\n\n\n<p><strong>BASE LEGAL<\/strong>: El tratamiento de datos personales de nuestros proveedores tiene su base legal en <strong>art. 6.1.b) del RGPD<\/strong>: la ejecuci\u00f3n de un contrato en que el proveedor es parte o para la aplicaci\u00f3n a petici\u00f3n de este de medidas precontractuales, as\u00ed como en el cumplimiento de obligaciones que la Ley General Tributaria y otras, imponen a las partes.<\/p>\n\n\n\n<ol type=\"I\"><li><strong>Para gestionar la relaci\u00f3n con CANDIDATOS DE EMPLEO<\/strong><\/li><\/ol>\n\n\n\n<p><em>Flamenco Real<\/em> es responsable del tratamiento del registro de actividades \u201cRecursos Humanos\u201d, al que pasar\u00e1n a formar parte los curr\u00edculums enviados a trav\u00e9s del email de contacto de la web, con el fin de analizar su perfil profesional a los efectos de incluirle en nuestros procesos de selecci\u00f3n de personal y comunicarle por v\u00eda postal o electr\u00f3nica los puestos vacantes de nuestra empresa.<\/p>\n\n\n\n<p>Los datos proporcionados no se ceder\u00e1n ni transferir\u00e1n a terceros y su tratamiento est\u00e1 legitimado por su consentimiento expreso en virtud de su candidatura espont\u00e1nea o inscripci\u00f3n en oferta de empleo. Sus datos de conservar\u00e1n hasta la adjudicaci\u00f3n de un puesto de trabajo \u00f3 hasta que Ud. solicite su cancelaci\u00f3n, no obstante, aquellos curr\u00edculums que no se hayan actualizado en el plazo de 2 a\u00f1os ser\u00e1n eliminados.<\/p>\n\n\n\n<p><strong>BASE LEGAL<\/strong>: la base legal para el tratamiento de la informaci\u00f3n curricular se basa en el consentimiento del interesado al remitirnos su curr\u00edculum, art. 6.1.a) del RGPD y\/o en la ejecuci\u00f3n de medidas precontractuales si entrara a formar parte de un proceso de selecci\u00f3n de personal, art. 6.1.b. RGPD.<\/p>\n\n\n\n<p>Con el fin de cumplimiento del principio de calidad de los datos y mantener su informaci\u00f3n actualizada, le rogamos, nos comunique cualquier variaci\u00f3n que se produzca en los datos que nos ha facilitado.<\/p>\n\n\n\n<ul><li><strong>Para el env\u00edo de publicidad sobre nuestros eventos y espect\u00e1culos art\u00edsticos.<\/strong><\/li><\/ul>\n\n\n\n<p>El tratamiento de los datos tiene su base legal bien en su <strong>consentimiento expreso <\/strong>al suscribirse a nuestro newsletter, bien en nuestros<strong> intereses leg\u00edtimos <\/strong>de publicitar nuestros servicios a clientes: el art\u00edculo 21.2 de la LSSI-CE, nos permite remitirle por medios electr\u00f3nicos comunicaciones comerciales referentes a los servicios que prestamos.<\/p>\n\n\n\n<p>El destinatario de nuestras comunicaciones comerciales podr\u00e1 retirar en cualquier momento su consentimiento a recibirlas sin que, en ning\u00fan caso, esa retirada condicione nuestra relaci\u00f3n comercial.<\/p>\n\n\n\n<ul><li><strong>Para permitir el funcionamiento y seguridad de nuestra web a trav\u00e9s del uso de cookies.<\/strong><\/li><\/ul>\n\n\n\n<p>Constituye un inter\u00e9s leg\u00edtimo de nuestra empresa el tratamiento de datos personales estrictamente necesarios para garantizar la seguridad de la red y de la informaci\u00f3n, es decir la capacidad de una red o de un sistema informaci\u00f3n de resistir, en un nivel determinado de confianza, a acontecimientos accidentales o acciones il\u00edcitas o malintencionadas que comprometan la disponibilidad, autenticidad, integridad y confidencialidad de los datos personales conservados o transmitidos, y la seguridad de los servicios conexos ofrecidos por proveedores de redes y servicios de comunicaciones electr\u00f3nicas y proveedores de tecnolog\u00edas y servicios de seguridad.<\/p>\n\n\n\n<ul><li>Aqu\u00ed el tratamiento de datos incluye: visualizaci\u00f3n adecuada del contenido, personalizaci\u00f3n de la interfaz, como el idioma; par\u00e1metros adjuntos a su dispositivo como la resoluci\u00f3n de pantalla, etc; mejora de la web y garantizar que \u00e9sta sea segura y se encuentre protegida.<\/li><li>Puede obtener m\u00e1s informaci\u00f3n sobre las cookies que utilizamos accediendo a nuestra Pol\u00edtica de Cookies.<\/li><li>Usted podr\u00e1 configurar su navegador o su sitio web, aplicaci\u00f3n o servicio para restringir las cookies o bloquearlas por completo si as\u00ed lo desea.<\/li><\/ul>\n\n\n\n<p><strong>BASE LEGAL<\/strong>: el tratamiento de los datos tiene su base legal en su <strong>consentimiento<\/strong> en el caso de cookies de tipo anal\u00edtico y en el <strong>inter\u00e9s leg\u00edtimo<\/strong> de <em>Flamenco Real<\/em>: para garantizar que le proporcionamos una web y aplicaciones que funcionen correctamente y que mejoren su funcionamiento y las mantengan seguras (cookies t\u00e9cnicas, funcionales y de seguridad de la web).<\/p>\n\n\n\n<p><strong>5- \u00bfQUI\u00c9N accede a sus datos personales?<\/strong><\/p>\n\n\n\n<p><em>Flamenco Real<\/em> no ceder\u00e1 sus datos personales a terceros ajenos a la relaci\u00f3n que nos vincula en el tratamiento de sus datos sin previo consentimiento informado del usuario o, salvo que estemos cubiertos por una ley.<\/p>\n\n\n\n<p>No obstante, para poder prestarte un servicio adecuado y gestionar nuestra relaci\u00f3n contractual, <em>Flamenco Real<\/em> cuenta con PRESTADORES DE SERVICIOS que necesitan tratar sus datos, garantizando en todo momento, la protecci\u00f3n y seguridad de los mismos mediante la suscripci\u00f3n de los contratos legales correspondientes, de esta forma podremos ceder o comunicar sus datos a encargados de tratamiento que nos prestan servicios de mantenimiento y seguridad inform\u00e1tica, consultores fiscales, etc.<\/p>\n\n\n\n<p>Todos estos prestadores de servicios, como encargados de tratamiento de datos, est\u00e1n limitados a acceder o usar los datos \u00fanicamente para proporcionar el servicio espec\u00edfico contratado y nos acreditan fehacientemente que cumplen con las exigencias del RGPD en cuanto a medidas y salvaguardas sobre la seguridad de los datos.<\/p>\n\n\n\n<p><strong>&nbsp;6- \u00bfCu\u00e1les son SUS DERECHOS en relaci\u00f3n con sus datos personales?<\/strong><\/p>\n\n\n\n<p>Los titulares de los datos, usuarios, clientes, proveedores, podr\u00e1n ejercitar en cualquier momento, los siguientes derechos:<\/p>\n\n\n\n<ol type=\"a\"><li>de <strong>acceso. <\/strong>Tiene derecho a que le informemos sobre si <em>Flamenco Real<\/em> est\u00e1 tratando sus datos personales, qu\u00e9 datos son, a acceder a los mismos, a obtener informaci\u00f3n sobre el tratamiento realizado y a obtener copia gratuita de ellos.<\/li><\/ol>\n\n\n\n<ul><li>.<strong> <\/strong>Tiene derecho a solicitar que se rectifiquen aquellos datos suyos que sean inexactos, y a que se completen los datos personales incompletos.<\/li><\/ul>\n\n\n\n<ul><li>tiene derecho a solicitar que se eliminen sus datos cuando estos ya no resulten necesarios para la finalidad para la que fueron proporcionados o cuando se d\u00e9 un tratamiento il\u00edcito de sus datos.<\/li><\/ul>\n\n\n\n<ul><li>tiene derecho a solicitar a <em>Flamenco Real<\/em> <strong>que suspenda <\/strong>el tratamiento de datos o que los <strong>conservemos <\/strong>en los supuestos legales.<strong> <\/strong>Tambi\u00e9n puede solicitar la limitaci\u00f3n cuando necesite los datos para la formulaci\u00f3n, ejercicio o defensa de reclamaciones.<\/li><\/ul>\n\n\n\n<ul><li><strong>a la portabilidad de los datos<\/strong>: cuando el tratamiento de datos est\u00e9 basado en el consentimiento o en un contrato y se realice por medios automatizados, el interesado tiene derecho a recibir los datos personales que le incumban, en un formato estructurado, de uso com\u00fan y lectura mec\u00e1nica, y a transmitirlos a otro responsable del tratamiento.<\/li><\/ul>\n\n\n\n<ul><li><strong>erecho de oposici\u00f3n: <\/strong>Se podr\u00e1 oponer al tratamiento de sus datos cuando \u00e9ste tenga que cesar a causa de su situaci\u00f3n personal o cuando el tratamiento tenga por objeto la mercadotecnia directa. Podr\u00e1 revocar en cualquier momento el consentimiento prestado a la recepci\u00f3n de comunicaciones publicitarias enviando un correo electr\u00f3nico a <a><\/a><a href=\"mailto:administracion@so-la-na.com\">administracion@so-la-na.com<\/a> &nbsp;&nbsp;<\/li><\/ul>\n\n\n\n<p>&nbsp;&nbsp;Asimismo, le informamos que, como derechos aut\u00f3nomos y distintos de los anteriores, tienes los siguientes:<\/p>\n\n\n\n<ul><li>dirigi\u00e9ndose a <a href=\"mailto:administracion@so-la-na.com\">administracion@so-la-na.com<\/a> &nbsp;<strong>&nbsp;<\/strong>&nbsp;<\/li><\/ul>\n\n\n\n<ul><li><strong>erecho <\/strong><strong>a presentar una reclamaci\u00f3n\/queja ante la autoridad<\/strong> supervisora responsable en materia de protecci\u00f3n de datos, la Agencia Espa\u00f1ola de Protecci\u00f3n de Datos, <a href=\"http:\/\/www.aepd.es\">www.aepd.es<\/a><\/li><\/ul>\n\n\n\n<p>El ejercicio de estos derechos es gratuito, salvo que se formulen solicitudes manifiestamente infundadas o excesivas, en cuyo caso el interesado podr\u00e1 ser requerido a asumir el coste de la tramitaci\u00f3n de la solicitud.<\/p>\n\n\n\n<p>Si quiere ejercitar cualquiera de sus derechos, ponemos a su disposici\u00f3n los formularios donde podr\u00e1 ejercitarlos, por favor contacte con <em>Flamenco Real<\/em> en Calle Alfonso XII, N\u00ba 66, 2\u00ba Int. Izda., C.P. 28.014, Madrid o en <a href=\"mailto:administracion@so-la-na.com\">administracion@so-la-na.com<\/a>, mediante solicitud firmada y acompa\u00f1ada de copia completa de su N.I.F, y especificando el derecho que quiere ejercer.<\/p>\n\n\n\n<p>&nbsp;<strong>7- \u00bfDurante CU\u00c1NTO TIEMPO se tratar\u00e1n sus datos?<\/strong><\/p>\n\n\n\n<p>El Reglamento Europeo 2016\/679 de 27 de abril, establece el \u201cPrincipio de Limitaci\u00f3n del plazo de conservaci\u00f3n\u201d, en su art\u00edculo 5 e): \u201clos datos personales ser\u00e1n mantenidos de forma que se permita la identificaci\u00f3n de los interesados durante no m\u00e1s tiempo del necesario para los fines del tratamiento.<\/p>\n\n\n\n<p>Con car\u00e1cter general s\u00f3lo se conservar\u00e1n sus datos durante el tiempo estrictamente necesario para la finalidad para la que fueron recabados, hasta la oposici\u00f3n al tratamiento del titular y en todo caso hasta la prescripci\u00f3n de obligaciones legales.<\/p>\n\n\n\n<p><strong>8-<\/strong><strong> SECRETO Y<\/strong><strong> SEGURIDAD de sus datos<\/strong><strong><\/strong><\/p>\n\n\n\n<p><em>Flamenco Real<\/em> garantiza que tratar\u00e1 sus datos de forma absolutamente confidencial conforme a la normativa de protecci\u00f3n de datos. &nbsp;Una vez que recibimos sus datos utilizamos estrictos procedimientos y funciones de seguridad para: garantizar la confidencialidad, integridad, disponibilidad y resiliencia permanentes de los sistemas y servicios de tratamiento; restaurar la disponibilidad y el acceso a los datos personales de forma r\u00e1pida, en caso de incidente f\u00edsico o t\u00e9cnico; verificar, evaluar y valorar, de forma regular, la eficacia de las medidas t\u00e9cnicas y organizativas implantadas para garantizar la seguridad del tratamiento y para seudonimizar y cifrar los datos personales, en su caso.<\/p>\n\n\n\n<p>Esta web incluye un Certificado SSL, es un protocolo de seguridad que hace que sus datos viajen de manera \u00edntegra y segura, la transmisi\u00f3n de los datos entre un servidor y usuario web y, en retroalimentaci\u00f3n, es totalmente cifrada o encriptada.<\/p>\n\n\n\n<p>Por tanto, hacemos todo lo posible por proteger sus datos personales, pero no podemos garantizar totalmente la seguridad de la red Internet y por tanto la violaci\u00f3n de los datos que se transmiten mediante accesos fraudulentos a ellos por parte de terceros. Por ello cualquier transmisi\u00f3n es bajo su propio riesgo. Cuando se produzca cualquier incidente de seguridad que afecte a sus datos personales te informaremos de ello inmediatamente.<\/p>\n\n\n\n<p><strong>9- TRANSFERENCIAS fuera del Espacio Econ\u00f3mico Europeo<\/strong><strong>. <\/strong>Los datos personales de los interesados que se suscriban a nuestro bolet\u00edn de noticias o <strong>newsletter <\/strong>se ubicar\u00e1n en servidores de <strong>MailChimp<\/strong> (proveedor de servicios de email marketing) cuyo responsable es la empresa The Rocket Science Group LLC, ubicada en EEUU.<\/p>\n\n\n\n<p>Actualmente, para los usuarios europeos, MailChimp sigue garantizando los mismos niveles de seguridad en el tratamiento de datos que los que le exig\u00edan su certificaci\u00f3n y pertenencia al Privacy Shield, y ha articulado como medio de reforzar la seguridad en la transferencia de datos de ciudadanos europeos, su compromiso conforme con las Cl\u00e1usulas Contractuales tipo publicadas en su web, \u201cAnexo de Procesamiento de Datos\u201d, que Ud. puede consultar en el siguiente enlace &nbsp;<a href=\"http:\/\/www.mailchimp.com\/es\/help\/mailchimp-european-data-transfer\/\">www.mailchimp.com\/es\/help\/mailchimp-european-data-transfer\/<\/a>.<\/p>\n\n\n\n<p>Conforme al art\u00edculo 49.1.a) del RGPD, antes de dar su consentimiento expreso y suscribirse a nuestro newsletter, debe conocer y aceptar los riesgos que le vamos a informar respecto de la transferencia de sus datos a MailChimp: la legislaci\u00f3n estadounidense permite el acceso a datos de clientes\/usuarios de cualquier operador econ\u00f3mico establecido en su pa\u00eds, por tanto el riesgo derivado para Ud, ser\u00eda la posibilidad de acceso a su direcci\u00f3n de email por las autoridades de EEUU, adem\u00e1s, esta legislaci\u00f3n no le permitir\u00e1 tutela judicial alguna ante una posible injerencia en sus derechos y acceso a sus datos por parte de los servicios de inteligencia americanos.<\/p>\n\n\n\n<p><strong>10- ENLACES a otros sitios web, plataformas y redes sociales<\/strong><\/p>\n\n\n\n<p><strong>Pol\u00edtica de Privacidad de <\/strong><em>Flamenco Real<\/em> <strong>en redes sociales<\/strong>. El tratamiento de datos personales de usuarios que se hagan seguidores en las redes sociales de las p\u00e1ginas oficiales de <em>Flamenco Real<\/em> se regir\u00e1 por lo dispuesto en este apartado, tenga en cuenta que cada red social tiene su propia pol\u00edtica de privacidad y que <strong>no somos responsables de estas pol\u00edticas<\/strong>.<\/p>\n\n\n\n<p><em>Flamenco Real<\/em> puede tener perfiles corporativos en redes sociales, como FaceBook, Twitter, Instagram, etc con la finalidad de publicitar y dar difusi\u00f3n a nuestros espect\u00e1culos de flamenco. El usuario que disponga de un perfil podr\u00e1 unirse y ser seguidor de nuestra p\u00e1gina en estas redes sociales, mostrando con ello inter\u00e9s en la informaci\u00f3n que publiquemos y autoriz\u00e1ndonos al tratamiento de aquellos datos personales publicados en su perfil. <em>Flamenco Real<\/em> tratar\u00e1 la informaci\u00f3n p\u00fablica del usuario dentro de la propia red social, no ser\u00e1 incorporada a ning\u00fan fichero externo a ella.<\/p>\n\n\n\n<p><strong>Publicaciones en Redes Sociales<\/strong>. Una vez unido a nuestra p\u00e1gina\/perfil, el usuario podr\u00e1 publicar comentarios, enlaces, im\u00e1genes y cualquier contenido multimedia soportado por la red social. El usuario deber\u00e1 ser el titular de los contenidos que publique y ostentar los derechos de autor y propiedad intelectual o contar con la autorizaci\u00f3n de los terceros afectados<em>.<\/em><em> <\/em><em>Flamenco Real<\/em> se reserva el derecho a retirar de inmediato contenidos que puedan atentar contra la moral, \u00e9tica, buen gusto o que violen derechos de autor o propiedad intelectual\/industrial.<\/p>\n\n\n\n<p>Cada usuario es el \u00fanico responsable de su privacidad en la red social. Los contenidos e im\u00e1genes publicados en la red social no ser\u00e1n almacenados en ning\u00fan soporte por <em>Flamenco Real<\/em>, pero s\u00ed permanecer\u00e1n en la red social.<\/p>\n\n\n\n<p>Respecto del ejercicio de derechos que tiene sobre el tratamiento de sus datos personales, en el caso de redes sociales, deber\u00e1 tener en cuenta los siguientes matices: Acceso: este derecho vendr\u00e1 definido por la funcionalidad de la red social y la capacidad de acceso a la informaci\u00f3n de los perfiles de usuarios. Rectificaci\u00f3n: solo podremos satisfacer este derecho respecto de la informaci\u00f3n que se encuentre bajo nuestro control en la red social (ej. Eliminar comentarios publicados en nuestra p\u00e1gina). Cancelaci\u00f3n\/Oposici\u00f3n: solo podremos satisfacer este derecho respecto de la informaci\u00f3n que se encuentre bajo nuestro control, ej. dejar de estar unido al perfil, dejar de seguirnos.<\/p>\n\n\n\n<p><strong>11- M\u00e1s informaci\u00f3n<\/strong><strong><\/strong><\/p>\n\n\n\n<p>Si tiene alguna pregunta sobre c\u00f3mo tratamos sus datos, sobre el contenido de esta declaraci\u00f3n de privacidad, sus derechos al amparo de la legislaci\u00f3n, el modo en que actualizamos sus registros o c\u00f3mo obtener una copia de los datos que conservamos sobre Ud., puede dirigirse a <em>Flamenco Real<\/em>, en Calle Alfonso XII, N\u00ba 66, 2\u00ba Int. Izda., C.P. 28.014, Madrid o enviar un email a la siguiente direcci\u00f3n de correo electr\u00f3nico: <a href=\"mailto:administracion@so-la-na.com\">administracion@so-la-na.com<\/a>.<\/p>","protected":false},"excerpt":{"rendered":"<p>POL\u00cdTICA DE PRIVACIDAD En Flamenco Real otorgamos gran valor a la transparencia y a la seguridad de su informaci\u00f3n y aspiramos a construir con nuestros usuarios y clientes relaciones s\u00f3lidas y duraderas, basadas en la confianza y el inter\u00e9s mutuo. De acuerdo con esta filosof\u00eda, la protecci\u00f3n de sus datos [&hellip;]<\/p>","protected":false},"author":1,"featured_media":0,"parent":0,"menu_order":0,"comment_status":"closed","ping_status":"closed","template":"","meta":[],"yoast_head":"<!-- This site is optimized with the Yoast SEO plugin v15.2 - https:\/\/yoast.com\/wordpress\/plugins\/seo\/ -->\n<title>Pol\u00edtica de privacidad de Flamenco Real, S.L. - SO-LA-NA<\/title>\n<meta name=\"robots\" content=\"index, follow, max-snippet:-1, max-image-preview:large, max-video-preview:-1\" \/>\n<link rel=\"canonical\" href=\"https:\/\/so-la-na.com\/eng\/politica-de-privacidad-de-flamenco-real-s-l\/\" \/>\n<meta property=\"og:locale\" content=\"en_GB\" \/>\n<meta property=\"og:type\" content=\"article\" \/>\n<meta property=\"og:title\" content=\"Pol\u00edtica de privacidad de Flamenco Real, S.L. - SO-LA-NA\" \/>\n<meta property=\"og:description\" content=\"POL\u00cdTICA DE PRIVACIDAD En Flamenco Real otorgamos gran valor a la transparencia y a la seguridad de su informaci\u00f3n y aspiramos a construir con nuestros usuarios y clientes relaciones s\u00f3lidas y duraderas, basadas en la confianza y el inter\u00e9s mutuo. De acuerdo con esta filosof\u00eda, la protecci\u00f3n de sus datos [&hellip;]\" \/>\n<meta property=\"og:url\" content=\"https:\/\/so-la-na.com\/eng\/politica-de-privacidad-de-flamenco-real-s-l\/\" \/>\n<meta property=\"og:site_name\" content=\"SO-LA-NA\" \/>\n<meta property=\"article:modified_time\" content=\"2021-03-03T10:23:02+00:00\" \/>\n<meta name=\"twitter:card\" content=\"summary_large_image\" \/>\n<meta name=\"twitter:label1\" value=\"Written by\">\n\t<meta name=\"twitter:data1\" value=\"s0lan4\">\n\t<meta name=\"twitter:label2\" value=\"Estimated reading time\">\n\t<meta name=\"twitter:data2\" value=\"16 minutes\">\n<script type=\"application\/ld+json\" class=\"yoast-schema-graph\">{\"@context\":\"https:\/\/schema.org\",\"@graph\":[{\"@type\":\"Organization\",\"@id\":\"https:\/\/so-la-na.com\/#organization\",\"name\":\"SO-LA-NA\",\"url\":\"https:\/\/so-la-na.com\/\",\"sameAs\":[],\"logo\":{\"@type\":\"ImageObject\",\"@id\":\"https:\/\/so-la-na.com\/#logo\",\"inLanguage\":\"en-GB\",\"url\":\"https:\/\/so-la-na.com\/wp-content\/uploads\/2020\/05\/SO-LA-NA.png\",\"width\":850,\"height\":850,\"caption\":\"SO-LA-NA\"},\"image\":{\"@id\":\"https:\/\/so-la-na.com\/#logo\"}},{\"@type\":\"WebSite\",\"@id\":\"https:\/\/so-la-na.com\/#website\",\"url\":\"https:\/\/so-la-na.com\/\",\"name\":\"SO-LA-NA\",\"description\":\"Producciones musicales. Flamenco. Jazz.\",\"publisher\":{\"@id\":\"https:\/\/so-la-na.com\/#organization\"},\"potentialAction\":[{\"@type\":\"SearchAction\",\"target\":\"https:\/\/so-la-na.com\/?s={search_term_string}\",\"query-input\":\"required name=search_term_string\"}],\"inLanguage\":\"en-GB\"},{\"@type\":\"WebPage\",\"@id\":\"https:\/\/so-la-na.com\/politica-de-privacidad-de-flamenco-real-s-l\/#webpage\",\"url\":\"https:\/\/so-la-na.com\/politica-de-privacidad-de-flamenco-real-s-l\/\",\"name\":\"Pol\\u00edtica de privacidad de Flamenco Real, S.L. - SO-LA-NA\",\"isPartOf\":{\"@id\":\"https:\/\/so-la-na.com\/#website\"},\"datePublished\":\"2021-02-09T10:10:00+00:00\",\"dateModified\":\"2021-03-03T10:23:02+00:00\",\"inLanguage\":\"en-GB\",\"potentialAction\":[{\"@type\":\"ReadAction\",\"target\":[\"https:\/\/so-la-na.com\/politica-de-privacidad-de-flamenco-real-s-l\/\"]}]}]}<\/script>\n<!-- \/ Yoast SEO plugin. -->","_links":{"self":[{"href":"https:\/\/so-la-na.com\/eng\/wp-json\/wp\/v2\/pages\/7989"}],"collection":[{"href":"https:\/\/so-la-na.com\/eng\/wp-json\/wp\/v2\/pages"}],"about":[{"href":"https:\/\/so-la-na.com\/eng\/wp-json\/wp\/v2\/types\/page"}],"author":[{"embeddable":true,"href":"https:\/\/so-la-na.com\/eng\/wp-json\/wp\/v2\/users\/1"}],"replies":[{"embeddable":true,"href":"https:\/\/so-la-na.com\/eng\/wp-json\/wp\/v2\/comments?post=7989"}],"version-history":[{"count":4,"href":"https:\/\/so-la-na.com\/eng\/wp-json\/wp\/v2\/pages\/7989\/revisions"}],"predecessor-version":[{"id":8025,"href":"https:\/\/so-la-na.com\/eng\/wp-json\/wp\/v2\/pages\/7989\/revisions\/8025"}],"wp:attachment":[{"href":"https:\/\/so-la-na.com\/eng\/wp-json\/wp\/v2\/media?parent=7989"}],"curies":[{"name":"wp","href":"https:\/\/api.w.org\/{rel}","templated":true}]}}