{"id":6579,"date":"2020-01-01T10:00:08","date_gmt":"2020-01-01T08:00:08","guid":{"rendered":"https:\/\/so-la-na.com?post_type=portfolio_item&#038;p=6579"},"modified":"2025-09-17T14:15:10","modified_gmt":"2025-09-17T12:15:10","slug":"alba-heredia-y-ricardo-fernandez-del-moral","status":"publish","type":"portfolio_item","link":"https:\/\/so-la-na.com\/eng\/project\/alba-heredia-y-ricardo-fernandez-del-moral\/","title":{"rendered":"Alba Heredia y Ricardo Fern\u00e1ndez del Moral"},"content":{"rendered":"<p>\n\n\n<section id=\"section_id-16579\" class=\"fw-main-row-custom fw-main-row-top fw-section-no-padding header-post-container\" style=\" \" >\n\t<div class=\"fw-col-inner fw-container\" >\n\t\t<div class=\"fw-row\">\n\t\n<div id=\"column-6a994d02a0c9d\" class=\"fw-col-xs-12\" style=\" \">\n        <div class=\"fw-col-inner\" >\n\t\t<h1 class=\"title-post\">Flamenco Real<\/h1><p class=\"subtitle-post\">October 24 and 25; single showing at 8:00 PM<br \/>October 26; double showing at 7:00 PM and 9:00 PM<br \/>Teatro Real in Madrid<\/p>\t<\/div>\n<\/div><\/div>\n\n<div class=\"fw-row\">\n\t\n<div id=\"column-6a994d02a213c\" class=\"fw-col-xs-12\" style=\" \">\n        <div class=\"fw-col-inner\" >\n\t\t<p>Doors open half an hour before the performance.<br \/>Duration approx. 60 minutes<\/p>\t<\/div>\n<\/div><\/div>\n\n\t<\/div>\n<\/section>\n\n\n<section id=\"section_id-26579\" class=\"fw-main-row-custom fw-section-no-padding image-container fw_theme_bg_fw-custom\" style=\" background-image:url(https:\/\/so-la-na.com\/wp-content\/uploads\/2020\/01\/09-Alba-Heredia-Ricardo-@JLV-PQ-2-scaled.jpg); background-repeat: no-repeat; background-position: center center; background-size: cover;\" >\n\t<div class=\"fw-col-inner fw-container-fluid\" >\n\t\t<div class=\"fw-row\">\n\t\n<div id=\"column-6a994d02a403d\" class=\"fw-col-xs-12 fw-col-sm-2 buy-button\" style=\" \">\n        <div class=\"fw-col-inner\" >\n\t\t<h1>ALBA HEREDIA Y RICARDO FDEZ. DEL MORAL<\/h1><h2 class=\"titulo-anuncio\">\"De ra\u00edz\"<\/h2><p class=\"fecha-anuncio\">June 24, 25, and 26 at 8:00 PM<\/p><p>FESTIVAL INT. DEL CANTE DE LAS MINAS (MURCIA)<\/p>\n    <a href=\"https:\/\/www.teatroreal.es\/es\/espectaculo\/alba-heredia-y-ricardo-fernandez-del-moral\" target=\"_blank\" class=\"wpz-btn wpz-btn-1 wpz-btn-white\">\n    \t<span>BUY TICKETS<\/span>\n    <\/a>\n\t<\/div>\n<\/div><\/div>\n\n\t<\/div>\n<\/section>\n\n\n<section id=\"section_id-36579\" class=\"fw-main-row-custom fw-section-no-padding descripcion-elenco-container\" style=\" \" >\n\t<div class=\"fw-col-inner fw-container\" >\n\t\t<div class=\"fw-row\">\n\t\n<div id=\"column-6a994d02a62c9\" class=\"fw-col-xs-12 text-post-container\" style=\" \">\n        <div class=\"fw-col-inner\" >\n\t\t<h3>Alba Heredia, dance<\/h3><p>ChatGPT Plus\n\nAlba Heredia (Granada, 1995) is a bailaora born in Sacromonte, belonging to the legendary Maya family. Niece of Juan Andr\u00e9s Maya and grand-niece of Mario Maya and Manolete, she grew up in the flamenco cave La Roc\u00edo, where art is part of everyday life. She began dancing at the age of four and made her debut in 1999 at a tribute to her uncle Juan Maya Marote, sharing the stage with artists such as Ni\u00f1a Pastori and Jos\u00e9 Merc\u00e9. She trained with renowned figures including Rafaela Carrasco, Bel\u00e9n Maya, and Iv\u00e1n Vargas, and has performed in tablaos and festivals in Granada, Seville, and Madrid, as well as on international stages. In 2015, she received the Desplante Award at the Festival Internacional del Cante de las Minas. Her dance combines the inherited strength of Sacromonte with refined technique and a powerful, commanding presence.<\/p>\t<\/div>\n<\/div><\/div>\n\n<div class=\"fw-row\">\n\t\n<div id=\"column-6a994d02b2a3b\" class=\"fw-col-xs-12 text-post-container\" style=\" \">\n        <div class=\"fw-col-inner\" >\n\t\t<h3>Ricardo Fern\u00e1ndez del Moral, guitar and singing<\/h3><p>Ricardo Fern\u00e1ndez del Moral (Ciudad Real, 1974) is a unique artist in the contemporary flamenco scene, recognized for his exceptional mastery of both cante and guitar, and for accompanying himself with naturalness and expressive depth. He began his musical studies at the age of eight in Daimiel, and by fourteen was performing as the official guitarist in flamenco pe\u00f1as across Castilla-La Mancha. In 2012, he achieved a milestone by winning the L\u00e1mpara Minera along with five awards in different flamenco styles at the Festival Internacional del Cante de las Minas, an unprecedented accomplishment. Since then, he has performed on stages such as the Teatro Real, the Festival de Jerez, the Bienal de Sevilla, and in international tours such as Authentic Flamenco. His album <em>Yo solo <\/em>(2014) reflects his artistic personality: depth, elegance, melodic sensibility, and a profound understanding of comp\u00e1s.<\/p>\t<\/div>\n<\/div><\/div>\n\n<div class=\"fw-row\">\n\t\n<div id=\"column-6a994d02b539b\" class=\"fw-col-xs-12 text-post-container\" style=\" \">\n        <div class=\"fw-col-inner\" >\n\t\t<h3>Festival Internacional del Cante de las Minas (Murcia)<\/h3><p>ChatGPT Plus\n\nThe Festival Internacional del Cante de las Minas, held in La Uni\u00f3n since 1961, is considered the most important flamenco competition in the world. Its iconic stage has hosted the genre\u2019s greatest figures and has served as a launching platform for numerous talents through awards such as the L\u00e1mpara Minera, Bord\u00f3n, and Desplante. Under the management of the Fundaci\u00f3n Cante de las Minas since 2010, the festival works to preserve, disseminate, and promote flamenco, with special attention to cantes mineros. Every August, over ten days, the festival brings together artists, experts, and audiences from around the world, establishing itself as an undisputed reference for arte jondo.<\/p>\t<\/div>\n<\/div><\/div>\n\n\t<\/div>\n<\/section>\n\n\n<section id=\"section_id-46579\" class=\"fw-main-row-custom fw-section-no-padding galeria-post-container\" style=\" \" >\n\t<div class=\"fw-col-inner fw-container-fluid\" >\n\t\t<div class=\"fw-row\">\n\t\n<div id=\"column-6a994d02b78d8\" class=\"fw-col-xs-12\" style=\" \">\n        <div class=\"fw-col-inner\" >\n\t\t<p><div class='white' style='background:rgba(250, 250, 250, 0); border:solid 0px rgba(240, 240, 240, 0); border-radius:0px; padding:8px 8px 8px 8px;'>\n<div id='sample_slider' class='owl-carousel sa_owl_theme owl-pagination-true autohide-arrows' data-slider-id='sample_slider' style='visibility:hidden;'>\n<div id='sample_slider_slide05' class='sa_hover_container' style='padding:5% 5%; margin:0px 0%; background-image:url(&quot;https:\/\/so-la-na.com\/wp-content\/uploads\/2020\/05\/fr06-1.png&quot;); background-position:center center; background-size:cover; background-repeat:no-repeat; background-color:rgb(255, 255, 255); '><\/div>\n<div id='sample_slider_slide02' class='sa_hover_container' style='padding:5% 5%; margin:0px 0%; background-image:url(&quot;https:\/\/so-la-na.com\/wp-content\/uploads\/2020\/05\/fr02-1.png&quot;); background-position:center center; background-size:cover; background-repeat:no-repeat; background-color:rgb(255, 255, 255); '><\/div>\n<div id='sample_slider_slide07' class='sa_hover_container' style='padding:5% 5%; margin:0px 0%; background-image:url(&quot;https:\/\/so-la-na.com\/wp-content\/uploads\/2020\/05\/fr09-1.png&quot;); background-position:center center; background-size:cover; background-repeat:no-repeat; background-color:rgb(255, 255, 255); '><\/div>\n<div id='sample_slider_slide06' class='sa_hover_container' style='padding:5% 5%; margin:0px 0%; background-image:url(&quot;https:\/\/so-la-na.com\/wp-content\/uploads\/2020\/05\/fr07-1-1.png&quot;); background-position:center center; background-size:cover; background-repeat:no-repeat; background-color:rgb(255, 255, 255); '><\/div>\n<div id='sample_slider_slide01' class='sa_hover_container' style='padding:5% 5%; margin:0px 0%; background-image:url(&quot;https:\/\/so-la-na.com\/wp-content\/uploads\/2020\/05\/fr01-1.png&quot;); background-position:center center; background-size:cover; background-repeat:no-repeat; background-color:rgb(255, 255, 255); '><\/div>\n<div id='sample_slider_slide04' class='sa_hover_container' style='padding:5% 5%; margin:0px 0%; background-image:url(&quot;https:\/\/so-la-na.com\/wp-content\/uploads\/2020\/05\/fr04-1.png&quot;); background-position:left top; background-size:cover; background-repeat:no-repeat; background-color:rgb(255, 255, 255); '><\/div>\n<div id='sample_slider_slide03' class='sa_hover_container' style='padding:5% 5%; margin:0px 0%; background-image:url(&quot;https:\/\/so-la-na.com\/wp-content\/uploads\/2020\/05\/fr03-1.png&quot;); background-position:center center; background-size:cover; background-repeat:no-repeat; background-color:#fce5cd; '><\/div>\n<\/div>\n<\/div>\n<script type='text\/javascript'>\n\tjQuery(document).ready(function() {\n\t\tjQuery('#sample_slider').owlCarousel({\n\t\t\tresponsive:{\n\t\t\t\t0:{ items:1 },\n\t\t\t\t480:{ items:2 },\n\t\t\t\t768:{ items:3 },\n\t\t\t\t980:{ items:4 },\n\t\t\t\t1200:{ items:4 },\n\t\t\t\t1500:{ items:4 }\n\t\t\t},\n\t\t\tautoplay : true,\n\t\t\tautoplayTimeout : 4000,\n\t\t\tautoplayHoverPause : true,\n\t\t\tsmartSpeed : 300,\n\t\t\tfluidSpeed : 300,\n\t\t\tautoplaySpeed : 300,\n\t\t\tnavSpeed : 300,\n\t\t\tdotsSpeed : 300,\n\t\t\tloop : true,\n\t\t\tnav : true,\n\t\t\tnavText : ['Previous','Next'],\n\t\t\tdots : true,\n\t\t\tresponsiveRefreshRate : 200,\n\t\t\tslideBy : 1,\n\t\t\tmergeFit : true,\n\t\t\tautoHeight : false,\n\t\t\tlazyLoad : true,\n\t\t\tlazyLoadEager: 1,\n\t\t\tmouseDrag : false,\n\t\t\ttouchDrag : true\n\t\t});\n\t\tjQuery('#sample_slider').css('visibility', 'visible');\n\t\tsa_resize_sample_slider();\n\t\twindow.addEventListener('resize', sa_resize_sample_slider);\n\t\tfunction sa_resize_sample_slider() {\n\t\t\tvar min_height = '50';\n\t\t\tvar win_width = jQuery(window).width();\n\t\t\tvar slider_width = jQuery('#sample_slider').width();\n\t\t\tif (win_width < 480) {\n\t\t\t\tvar slide_width = slider_width \/ 1;\n\t\t\t} else if (win_width < 768) {\n\t\t\t\tvar slide_width = slider_width \/ 2;\n\t\t\t} else if (win_width < 980) {\n\t\t\t\tvar slide_width = slider_width \/ 3;\n\t\t\t} else if (win_width < 1200) {\n\t\t\t\tvar slide_width = slider_width \/ 4;\n\t\t\t} else if (win_width < 1500) {\n\t\t\t\tvar slide_width = slider_width \/ 4;\n\t\t\t} else {\n\t\t\t\tvar slide_width = slider_width \/ 4;\n\t\t\t}\n\t\t\tslide_width = Math.round(slide_width);\n\t\t\tvar slide_height = '0';\n\t\t\tif (min_height == 'aspect43') {\n\t\t\t\tslide_height = (slide_width \/ 4) * 3;\t\t\t\tslide_height = Math.round(slide_height);\n\t\t\t} else if (min_height == 'aspect169') {\n\t\t\t\tslide_height = (slide_width \/ 16) * 9;\t\t\t\tslide_height = Math.round(slide_height);\n\t\t\t} else {\n\t\t\t\tslide_height = (slide_width \/ 100) * min_height;\t\t\t\tslide_height = Math.round(slide_height);\n\t\t\t}\n\t\t\tjQuery('#sample_slider .owl-item .sa_hover_container').css('min-height', slide_height+'px');\n\t\t}\n\t\tvar owl_goto = jQuery('#sample_slider');\n\t\tjQuery('.sample_slider_goto1').click(function(event){\n\t\t\towl_goto.trigger('to.owl.carousel', 0);\n\t\t});\n\t\tjQuery('.sample_slider_goto2').click(function(event){\n\t\t\towl_goto.trigger('to.owl.carousel', 1);\n\t\t});\n\t\tjQuery('.sample_slider_goto3').click(function(event){\n\t\t\towl_goto.trigger('to.owl.carousel', 2);\n\t\t});\n\t\tjQuery('.sample_slider_goto4').click(function(event){\n\t\t\towl_goto.trigger('to.owl.carousel', 3);\n\t\t});\n\t\tjQuery('.sample_slider_goto5').click(function(event){\n\t\t\towl_goto.trigger('to.owl.carousel', 4);\n\t\t});\n\t\tjQuery('.sample_slider_goto6').click(function(event){\n\t\t\towl_goto.trigger('to.owl.carousel', 5);\n\t\t});\n\t\tjQuery('.sample_slider_goto7').click(function(event){\n\t\t\towl_goto.trigger('to.owl.carousel', 6);\n\t\t});\n\t\tvar resize_7531 = jQuery('.owl-carousel');\n\t\tresize_7531.on('initialized.owl.carousel', function(e) {\n\t\t\tif (typeof(Event) === 'function') {\n\t\t\t\twindow.dispatchEvent(new Event('resize'));\n\t\t\t} else {\n\t\t\t\tvar evt = window.document.createEvent('UIEvents');\n\t\t\t\tevt.initUIEvent('resize', true, false, window, 0);\n\t\t\t\twindow.dispatchEvent(evt);\n\t\t\t}\n\t\t});\n\t});\n<\/script>\n<\/p>\t<\/div>\n<\/div><\/div>\n\n\t<\/div>\n<\/section>\n\n\n<section id=\"section_id-56579\" class=\"fw-main-row-custom fw-section-no-padding precios-container\" style=\" \" >\n\t<div class=\"fw-col-inner fw-container\" >\n\t\t<div class=\"fw-row\">\n\t\n<div id=\"column-6a994d02bb79f\" class=\"fw-col-xs-12\" style=\" \">\n        <div class=\"fw-col-inner\" >\n\t\t<h4>Access to the hall will open 30 minutes before the start of the show.<\/h4>\t<\/div>\n<\/div><\/div>\n\n\t<\/div>\n<\/section>\n\n\n<section id=\"section_id-66579\" class=\"fw-main-row-custom fw-section-no-padding como-llegar-container\" style=\" \" >\n\t<div class=\"fw-col-inner fw-container\" >\n\t\t<div class=\"fw-row\">\n\t\n<div id=\"column-6a994d02bd575\" class=\"fw-col-xs-12\" style=\" \">\n        <div class=\"fw-col-inner\" >\n\t\t<h1>How to get to Teatro Real?<\/h1><h4 class=\" translation-block\">The Teatro Real is located in Plaza Isabel II s \/ n, in the heart of Madrid.\nThe best way to access Teatro Real is by public transport, as sometimes traffic makes the access to Madrid city centre difficult, especially during Christmas.<\/h4><ul><li><h4>Underground<\/h4><ul><li><h4>Opera: lines 2, 5 and Ramal \u00d3pera - Principe P\u00edo.<\/h4><\/li><li><h4>Sol: lines 1, 2 and 3.<\/h4><\/li><\/ul><\/li><li><h4>Buses<\/h4><ul><li><h4>Plaza de Isabel II: lines 3, 25 and 39.<\/h4><\/li><li><h4>Sol: lines 5, 15, 20, 50, 51, 52, 53 and 150.<\/h4><\/li><li><h4>Calle Mayor: line 3.<\/h4><\/li><li><h4>Plaza Callao: lines 44, 75, 133, 146, 147 and 148.<\/h4><\/li><li><h4>Plaza de Santo Domingo: lines 1, 2, 46 and 74.<\/h4><\/li><li><h4>Plaza Mayor: lines 17, 18, 23, 31, 35 and 65.<\/h4><\/li><\/ul><\/li><\/ul><h4><a href=\"https:\/\/www.google.com\/maps\/place\/Teatro+Real\/@40.418298,-3.710578,15z\/data=!4m5!3m4!1s0x0:0xa28363ebaaa7adae!8m2!3d40.418299!4d-3.710578%3Fhl=es\">Teatro Real at GoogleMaps<\/a><\/h4>\t<\/div>\n<\/div><\/div>\n\n\t<\/div>\n<\/section><\/p>","protected":false},"excerpt":{"rendered":"<h3 class=\"titulo\">\u00abDE RA\u00cdZ\u00bb<\/h3>\n<h3 class=\"fecha\">June 24, 25, and 26<\/h3>","protected":false},"author":1,"featured_media":10226,"comment_status":"open","ping_status":"closed","template":"","portfolio":[64],"yoast_head":"<!-- This site is optimized with the Yoast SEO plugin v15.2 - https:\/\/yoast.com\/wordpress\/plugins\/seo\/ -->\n<title>Alba Heredia y Ricardo Fern\u00e1ndez del Moral - SO-LA-NA<\/title>\n<meta name=\"robots\" content=\"index, follow, max-snippet:-1, max-image-preview:large, max-video-preview:-1\" \/>\n<link rel=\"canonical\" href=\"https:\/\/so-la-na.com\/eng\/project\/alba-heredia-y-ricardo-fernandez-del-moral\/\" \/>\n<meta property=\"og:locale\" content=\"en_GB\" \/>\n<meta property=\"og:type\" content=\"article\" \/>\n<meta property=\"og:title\" content=\"Alba Heredia y Ricardo Fern\u00e1ndez del Moral - SO-LA-NA\" \/>\n<meta property=\"og:description\" content=\"&quot;DE RA\u00cdZ&quot; 24, 25 y 26 junio\" \/>\n<meta property=\"og:url\" content=\"https:\/\/so-la-na.com\/eng\/project\/alba-heredia-y-ricardo-fernandez-del-moral\/\" \/>\n<meta property=\"og:site_name\" content=\"SO-LA-NA\" \/>\n<meta property=\"article:modified_time\" content=\"2025-09-17T12:15:10+00:00\" \/>\n<meta property=\"og:image\" content=\"https:\/\/so-la-na.com\/wp-content\/uploads\/2020\/01\/09-Alba-Heredia-Ricardo-@JLV-PQ.jpg\" \/>\n\t<meta property=\"og:image:width\" content=\"1772\" \/>\n\t<meta property=\"og:image:height\" content=\"2397\" \/>\n<meta name=\"twitter:card\" content=\"summary_large_image\" \/>\n<meta name=\"twitter:label1\" value=\"Written by\">\n\t<meta name=\"twitter:data1\" value=\"s0lan4\">\n\t<meta name=\"twitter:label2\" value=\"Estimated reading time\">\n\t<meta name=\"twitter:data2\" value=\"4 minutes\">\n<script type=\"application\/ld+json\" class=\"yoast-schema-graph\">{\"@context\":\"https:\/\/schema.org\",\"@graph\":[{\"@type\":\"Organization\",\"@id\":\"https:\/\/so-la-na.com\/#organization\",\"name\":\"SO-LA-NA\",\"url\":\"https:\/\/so-la-na.com\/\",\"sameAs\":[],\"logo\":{\"@type\":\"ImageObject\",\"@id\":\"https:\/\/so-la-na.com\/#logo\",\"inLanguage\":\"en-GB\",\"url\":\"https:\/\/so-la-na.com\/wp-content\/uploads\/2020\/05\/SO-LA-NA.png\",\"width\":850,\"height\":850,\"caption\":\"SO-LA-NA\"},\"image\":{\"@id\":\"https:\/\/so-la-na.com\/#logo\"}},{\"@type\":\"WebSite\",\"@id\":\"https:\/\/so-la-na.com\/#website\",\"url\":\"https:\/\/so-la-na.com\/\",\"name\":\"SO-LA-NA\",\"description\":\"Producciones musicales. Flamenco. Jazz.\",\"publisher\":{\"@id\":\"https:\/\/so-la-na.com\/#organization\"},\"potentialAction\":[{\"@type\":\"SearchAction\",\"target\":\"https:\/\/so-la-na.com\/?s={search_term_string}\",\"query-input\":\"required name=search_term_string\"}],\"inLanguage\":\"en-GB\"},{\"@type\":\"ImageObject\",\"@id\":\"https:\/\/so-la-na.com\/project\/alba-heredia-y-ricardo-fernandez-del-moral\/#primaryimage\",\"inLanguage\":\"en-GB\",\"url\":\"https:\/\/so-la-na.com\/wp-content\/uploads\/2020\/01\/09-Alba-Heredia-Ricardo-@JLV-PQ.jpg\",\"width\":1772,\"height\":2397},{\"@type\":\"WebPage\",\"@id\":\"https:\/\/so-la-na.com\/project\/alba-heredia-y-ricardo-fernandez-del-moral\/#webpage\",\"url\":\"https:\/\/so-la-na.com\/project\/alba-heredia-y-ricardo-fernandez-del-moral\/\",\"name\":\"Alba Heredia y Ricardo Fern\\u00e1ndez del Moral - SO-LA-NA\",\"isPartOf\":{\"@id\":\"https:\/\/so-la-na.com\/#website\"},\"primaryImageOfPage\":{\"@id\":\"https:\/\/so-la-na.com\/project\/alba-heredia-y-ricardo-fernandez-del-moral\/#primaryimage\"},\"datePublished\":\"2020-01-01T08:00:08+00:00\",\"dateModified\":\"2025-09-17T12:15:10+00:00\",\"inLanguage\":\"en-GB\",\"potentialAction\":[{\"@type\":\"ReadAction\",\"target\":[\"https:\/\/so-la-na.com\/project\/alba-heredia-y-ricardo-fernandez-del-moral\/\"]}]}]}<\/script>\n<!-- \/ Yoast SEO plugin. -->","_links":{"self":[{"href":"https:\/\/so-la-na.com\/eng\/wp-json\/wp\/v2\/portfolio_item\/6579"}],"collection":[{"href":"https:\/\/so-la-na.com\/eng\/wp-json\/wp\/v2\/portfolio_item"}],"about":[{"href":"https:\/\/so-la-na.com\/eng\/wp-json\/wp\/v2\/types\/portfolio_item"}],"author":[{"embeddable":true,"href":"https:\/\/so-la-na.com\/eng\/wp-json\/wp\/v2\/users\/1"}],"replies":[{"embeddable":true,"href":"https:\/\/so-la-na.com\/eng\/wp-json\/wp\/v2\/comments?post=6579"}],"wp:featuredmedia":[{"embeddable":true,"href":"https:\/\/so-la-na.com\/eng\/wp-json\/wp\/v2\/media\/10226"}],"wp:attachment":[{"href":"https:\/\/so-la-na.com\/eng\/wp-json\/wp\/v2\/media?parent=6579"}],"wp:term":[{"taxonomy":"portfolio","embeddable":true,"href":"https:\/\/so-la-na.com\/eng\/wp-json\/wp\/v2\/portfolio?post=6579"}],"curies":[{"name":"wp","href":"https:\/\/api.w.org\/{rel}","templated":true}]}}