{"id":6581,"date":"2020-01-01T10:05:19","date_gmt":"2020-01-01T08:05:19","guid":{"rendered":"https:\/\/so-la-na.com?post_type=portfolio_item&#038;p=6581"},"modified":"2025-09-17T14:15:43","modified_gmt":"2025-09-17T12:15:43","slug":"el-junco-y-caracolillo-de-cadiz","status":"publish","type":"portfolio_item","link":"https:\/\/so-la-na.com\/eng\/project\/el-junco-y-caracolillo-de-cadiz\/","title":{"rendered":"El Junco y Caracolillo de C\u00e1diz"},"content":{"rendered":"<p>\n\n\n<section id=\"section_id-16581\" class=\"fw-main-row-custom fw-main-row-top fw-section-no-padding header-post-container\" style=\" \" >\n\t<div class=\"fw-col-inner fw-container\" >\n\t\t<div class=\"fw-row\">\n\t\n<div id=\"column-6a994d03a7efb\" class=\"fw-col-xs-12\" style=\" \">\n        <div class=\"fw-col-inner\" >\n\t\t<h1 class=\"title-post\">Flamenco Real<\/h1><p class=\"subtitle-post\">Single performance 8.00pm - Teatro Real de Madrid<\/p>\t<\/div>\n<\/div><\/div>\n\n<div class=\"fw-row\">\n\t\n<div id=\"column-6a994d03a91e3\" class=\"fw-col-xs-12\" style=\" \">\n        <div class=\"fw-col-inner\" >\n\t\t<p>Doors open 7.30pm<br \/>Duration approx. 60 minutes<\/p>\t<\/div>\n<\/div><\/div>\n\n\t<\/div>\n<\/section>\n\n\n<section id=\"section_id-26581\" class=\"fw-main-row-custom fw-section-no-padding image-container fw_theme_bg_fw-custom\" style=\" background-image:url(https:\/\/so-la-na.com\/wp-content\/uploads\/2020\/01\/08-El-JUNCO-CARACOLILLO-\u00a9JVL-2-scaled.jpg); background-repeat: no-repeat; background-position: center center; background-size: cover;\" >\n\t<div class=\"fw-col-inner fw-container-fluid\" >\n\t\t<div class=\"fw-row\">\n\t\n<div id=\"column-6a994d03aabfe\" class=\"fw-col-xs-12 fw-col-sm-2 buy-button\" style=\" \">\n        <div class=\"fw-col-inner\" >\n\t\t<h1 style=\"margin-left: -.25pt;\">EL JUNCO Y CARACOLILLO DE C\u00c1DIZ<\/h1><h2 class=\"titulo-anuncio\">\"Sal y Perla\"<\/h2><p class=\"fecha-anuncio\">20, 21 and 22 May 8.00pm<\/p><p>PE\u00d1A FLAMENCA LA PERLA DE C\u00c1DIZ (C\u00c1DIZ)<\/p>\n    <a href=\"https:\/\/www.teatroreal.es\/es\/espectaculo\/junco-y-caracolillo-cadiz\" target=\"_blank\" class=\"wpz-btn wpz-btn-1 wpz-btn-white\">\n    \t<span>BUY TICKETS<\/span>\n    <\/a>\n\t<\/div>\n<\/div><\/div>\n\n\t<\/div>\n<\/section>\n\n\n<section id=\"section_id-36581\" class=\"fw-main-row-custom fw-section-no-padding descripcion-elenco-container\" style=\" \" >\n\t<div class=\"fw-col-inner fw-container\" >\n\t\t<div class=\"fw-row\">\n\t\n<div id=\"column-6a994d03acc49\" class=\"fw-col-xs-12 text-post-container\" style=\" \">\n        <div class=\"fw-col-inner\" >\n\t\t<h3>El Junco<\/h3><p>Juan Jos\u00e9 Ja\u00e9n Arroyo, el Junco (C\u00e1diz, 1975), is a leading bailaor from C\u00e1diz, renowned for his elegance, sense of comp\u00e1s, and expressive strength. He began his training at Pe\u00f1a El Nazareno and in Vicente Marrero\u2019s Grupo Sole\u00e1, and further developed his style at Pe\u00f1a Enrique El Mellizo, where he rooted his technique in the flamenco tradition of C\u00e1diz. Between 1996 and 2005, he worked as a soloist and assistant choreographer in Cristina Hoyos\u2019 company, participating in productions such as<em> Caminos andaluces, Yerma<\/em> and<em> Tierra adentro. <\/em>Since 2007, he has pursued a solo career with productions such as <em>Junquer\u00edas, Por un sue\u00f1o <\/em>or <em>Mirando al pasado, <\/em>Presented on stages and at festivals around the world, he has been honored by flamenco pe\u00f1as in Huelva and C\u00e1diz and nominated for the Premios Max. His dance\u2014sober, rhythmic, and full of personality\u2014authentically represents the C\u00e1diz school.<\/p>\t<\/div>\n<\/div><\/div>\n\n<div class=\"fw-row\">\n\t\n<div id=\"column-6a994d03adfbf\" class=\"fw-col-xs-12 text-post-container\" style=\" \">\n        <div class=\"fw-col-inner\" >\n\t\t<h3>Caracolillo de C\u00e1diz<\/h3><p>Esteban Guerrero, Caracolillo de C\u00e1diz (C\u00e1diz, 1977), is a cantaor deeply rooted in the flamenco tradition of C\u00e1diz, heir to a flamenco lineage that he honors with authenticity and charisma. Grandson of the renowned Francisco \u201cCaracol\u201d de C\u00e1diz, he made his debut at just ten years old, accompanied by Ni\u00f1o de los Rizos. Since then, he has performed in pe\u00f1as, festivals, and tablaos, standing out at events such as Jueves Flamencos de C\u00e1diz, Viernes Flamencos de Jerez, and the Memorial Camar\u00f3n de la Isla, where he was awarded in 2007. Among other honors, he has won first prize at the Concurso Nacional de Alegr\u00edas de C\u00e1diz, the Tientos y Sole\u00e1 de Alcal\u00e1 de Guada\u00edra, the Silla de Oro de Legan\u00e9s (2016), and the Premio Nacional Antonio Mairena. His singing\u2014powerful, sincere, and full of C\u00e1diz flavor\u2014covers styles such as seguiriya, buler\u00eda, alegr\u00eda, tango, and fandangos, performed with skill and impeccable comp\u00e1s.<\/p>\t<\/div>\n<\/div><\/div>\n\n<div class=\"fw-row\">\n\t\n<div id=\"column-6a994d03af2eb\" class=\"fw-col-xs-12 text-post-container\" style=\" \">\n        <div class=\"fw-col-inner\" >\n\t\t<h3>Pe\u00f1a Flamenca La Perla de C\u00e1diz (C\u00e1diz)<\/h3><p>ChatGPT Plus\n\nLa Pe\u00f1a Flamenca La Perla de C\u00e1diz, founded in 1979 in tribute to the great C\u00e1diz cantaora Antonia Gilabert Vargas, is today a leading institution in the city. Under the presidency of Paco Real, it maintains an active role in promoting and preserving traditional flamenco, particularly C\u00e1diz styles such as alegr\u00edas, tangos, buler\u00edas, soleares, and saetas. The pe\u00f1a organizes cycles like Viernes Flamencos, emblematic competitions such as the International Alegr\u00edas Dance Competition and the Tanguillos de C\u00e1diz Contest, as well as educational programs, lectures, exhibitions, and events in collaboration with the City Council and the C\u00e1tedra de Flamencolog\u00eda.<\/p>\t<\/div>\n<\/div><\/div>\n\n\t<\/div>\n<\/section>\n\n\n<section id=\"section_id-46581\" class=\"fw-main-row-custom fw-section-no-padding galeria-post-container\" style=\" \" >\n\t<div class=\"fw-col-inner fw-container-fluid\" >\n\t\t<div class=\"fw-row\">\n\t\n<div id=\"column-6a994d03b0e14\" class=\"fw-col-xs-12\" style=\" \">\n        <div class=\"fw-col-inner\" >\n\t\t<p><div class='white' style='background:rgba(250, 250, 250, 0); border:solid 0px rgba(240, 240, 240, 0); border-radius:0px; padding:8px 8px 8px 8px;'>\n<div id='sample_slider' class='owl-carousel sa_owl_theme owl-pagination-true autohide-arrows' data-slider-id='sample_slider' style='visibility:hidden;'>\n<div id='sample_slider_slide01' class='sa_hover_container' style='padding:5% 5%; margin:0px 0%; background-image:url(&quot;https:\/\/so-la-na.com\/wp-content\/uploads\/2020\/05\/fr01-1.png&quot;); background-position:center center; background-size:cover; background-repeat:no-repeat; background-color:rgb(255, 255, 255); '><\/div>\n<div id='sample_slider_slide06' class='sa_hover_container' style='padding:5% 5%; margin:0px 0%; background-image:url(&quot;https:\/\/so-la-na.com\/wp-content\/uploads\/2020\/05\/fr07-1-1.png&quot;); background-position:center center; background-size:cover; background-repeat:no-repeat; background-color:rgb(255, 255, 255); '><\/div>\n<div id='sample_slider_slide03' class='sa_hover_container' style='padding:5% 5%; margin:0px 0%; background-image:url(&quot;https:\/\/so-la-na.com\/wp-content\/uploads\/2020\/05\/fr03-1.png&quot;); background-position:center center; background-size:cover; background-repeat:no-repeat; background-color:#fce5cd; '><\/div>\n<div id='sample_slider_slide02' class='sa_hover_container' style='padding:5% 5%; margin:0px 0%; background-image:url(&quot;https:\/\/so-la-na.com\/wp-content\/uploads\/2020\/05\/fr02-1.png&quot;); background-position:center center; background-size:cover; background-repeat:no-repeat; background-color:rgb(255, 255, 255); '><\/div>\n<div id='sample_slider_slide05' class='sa_hover_container' style='padding:5% 5%; margin:0px 0%; background-image:url(&quot;https:\/\/so-la-na.com\/wp-content\/uploads\/2020\/05\/fr06-1.png&quot;); background-position:center center; background-size:cover; background-repeat:no-repeat; background-color:rgb(255, 255, 255); '><\/div>\n<div id='sample_slider_slide07' class='sa_hover_container' style='padding:5% 5%; margin:0px 0%; background-image:url(&quot;https:\/\/so-la-na.com\/wp-content\/uploads\/2020\/05\/fr09-1.png&quot;); background-position:center center; background-size:cover; background-repeat:no-repeat; background-color:rgb(255, 255, 255); '><\/div>\n<div id='sample_slider_slide04' class='sa_hover_container' style='padding:5% 5%; margin:0px 0%; background-image:url(&quot;https:\/\/so-la-na.com\/wp-content\/uploads\/2020\/05\/fr04-1.png&quot;); background-position:left top; background-size:cover; background-repeat:no-repeat; background-color:rgb(255, 255, 255); '><\/div>\n<\/div>\n<\/div>\n<script type='text\/javascript'>\n\tjQuery(document).ready(function() {\n\t\tjQuery('#sample_slider').owlCarousel({\n\t\t\tresponsive:{\n\t\t\t\t0:{ items:1 },\n\t\t\t\t480:{ items:2 },\n\t\t\t\t768:{ items:3 },\n\t\t\t\t980:{ items:4 },\n\t\t\t\t1200:{ items:4 },\n\t\t\t\t1500:{ items:4 }\n\t\t\t},\n\t\t\tautoplay : true,\n\t\t\tautoplayTimeout : 4000,\n\t\t\tautoplayHoverPause : true,\n\t\t\tsmartSpeed : 300,\n\t\t\tfluidSpeed : 300,\n\t\t\tautoplaySpeed : 300,\n\t\t\tnavSpeed : 300,\n\t\t\tdotsSpeed : 300,\n\t\t\tloop : true,\n\t\t\tnav : true,\n\t\t\tnavText : ['Previous','Next'],\n\t\t\tdots : true,\n\t\t\tresponsiveRefreshRate : 200,\n\t\t\tslideBy : 1,\n\t\t\tmergeFit : true,\n\t\t\tautoHeight : false,\n\t\t\tlazyLoad : true,\n\t\t\tlazyLoadEager: 1,\n\t\t\tmouseDrag : false,\n\t\t\ttouchDrag : true\n\t\t});\n\t\tjQuery('#sample_slider').css('visibility', 'visible');\n\t\tsa_resize_sample_slider();\n\t\twindow.addEventListener('resize', sa_resize_sample_slider);\n\t\tfunction sa_resize_sample_slider() {\n\t\t\tvar min_height = '50';\n\t\t\tvar win_width = jQuery(window).width();\n\t\t\tvar slider_width = jQuery('#sample_slider').width();\n\t\t\tif (win_width < 480) {\n\t\t\t\tvar slide_width = slider_width \/ 1;\n\t\t\t} else if (win_width < 768) {\n\t\t\t\tvar slide_width = slider_width \/ 2;\n\t\t\t} else if (win_width < 980) {\n\t\t\t\tvar slide_width = slider_width \/ 3;\n\t\t\t} else if (win_width < 1200) {\n\t\t\t\tvar slide_width = slider_width \/ 4;\n\t\t\t} else if (win_width < 1500) {\n\t\t\t\tvar slide_width = slider_width \/ 4;\n\t\t\t} else {\n\t\t\t\tvar slide_width = slider_width \/ 4;\n\t\t\t}\n\t\t\tslide_width = Math.round(slide_width);\n\t\t\tvar slide_height = '0';\n\t\t\tif (min_height == 'aspect43') {\n\t\t\t\tslide_height = (slide_width \/ 4) * 3;\t\t\t\tslide_height = Math.round(slide_height);\n\t\t\t} else if (min_height == 'aspect169') {\n\t\t\t\tslide_height = (slide_width \/ 16) * 9;\t\t\t\tslide_height = Math.round(slide_height);\n\t\t\t} else {\n\t\t\t\tslide_height = (slide_width \/ 100) * min_height;\t\t\t\tslide_height = Math.round(slide_height);\n\t\t\t}\n\t\t\tjQuery('#sample_slider .owl-item .sa_hover_container').css('min-height', slide_height+'px');\n\t\t}\n\t\tvar owl_goto = jQuery('#sample_slider');\n\t\tjQuery('.sample_slider_goto1').click(function(event){\n\t\t\towl_goto.trigger('to.owl.carousel', 0);\n\t\t});\n\t\tjQuery('.sample_slider_goto2').click(function(event){\n\t\t\towl_goto.trigger('to.owl.carousel', 1);\n\t\t});\n\t\tjQuery('.sample_slider_goto3').click(function(event){\n\t\t\towl_goto.trigger('to.owl.carousel', 2);\n\t\t});\n\t\tjQuery('.sample_slider_goto4').click(function(event){\n\t\t\towl_goto.trigger('to.owl.carousel', 3);\n\t\t});\n\t\tjQuery('.sample_slider_goto5').click(function(event){\n\t\t\towl_goto.trigger('to.owl.carousel', 4);\n\t\t});\n\t\tjQuery('.sample_slider_goto6').click(function(event){\n\t\t\towl_goto.trigger('to.owl.carousel', 5);\n\t\t});\n\t\tjQuery('.sample_slider_goto7').click(function(event){\n\t\t\towl_goto.trigger('to.owl.carousel', 6);\n\t\t});\n\t\tvar resize_7531 = jQuery('.owl-carousel');\n\t\tresize_7531.on('initialized.owl.carousel', function(e) {\n\t\t\tif (typeof(Event) === 'function') {\n\t\t\t\twindow.dispatchEvent(new Event('resize'));\n\t\t\t} else {\n\t\t\t\tvar evt = window.document.createEvent('UIEvents');\n\t\t\t\tevt.initUIEvent('resize', true, false, window, 0);\n\t\t\t\twindow.dispatchEvent(evt);\n\t\t\t}\n\t\t});\n\t});\n<\/script>\n<\/p>\t<\/div>\n<\/div><\/div>\n\n\t<\/div>\n<\/section>\n\n\n<section id=\"section_id-56581\" class=\"fw-main-row-custom fw-section-no-padding precios-container\" style=\" \" >\n\t<div class=\"fw-col-inner fw-container\" >\n\t\t<div class=\"fw-row\">\n\t\n<div id=\"column-6a994d03b4f8a\" class=\"fw-col-xs-12\" style=\" \">\n        <div class=\"fw-col-inner\" >\n\t\t<p>Access to the hall will open 30 minutes before the start of the show.<\/p>\t<\/div>\n<\/div><\/div>\n\n\t<\/div>\n<\/section>\n\n\n<section id=\"section_id-66581\" class=\"fw-main-row-custom fw-section-no-padding como-llegar-container\" style=\" \" >\n\t<div class=\"fw-col-inner fw-container\" >\n\t\t<div class=\"fw-row\">\n\t\n<div id=\"column-6a994d03b6b42\" class=\"fw-col-xs-12\" style=\" \">\n        <div class=\"fw-col-inner\" >\n\t\t<h1>How to get to Teatro Real?<\/h1><h4 class=\" translation-block\">The Teatro Real is located in Plaza Isabel II s \/ n, in the heart of Madrid.\nThe best way to access Teatro Real is by public transport, as sometimes traffic makes the access to Madrid city centre difficult, especially during Christmas.<\/h4><ul><li><h4>Underground<\/h4><ul><li><h4>Opera: lines 2, 5 and Ramal \u00d3pera - Principe P\u00edo.<\/h4><\/li><li><h4>Sol: lines 1, 2 and 3.<\/h4><\/li><\/ul><\/li><li><h4>Buses<\/h4><ul><li><h4>Plaza de Isabel II: lines 3, 25 and 39.<\/h4><\/li><li><h4>Sol: lines 5, 15, 20, 50, 51, 52, 53 and 150.<\/h4><\/li><li><h4>Calle Mayor: line 3.<\/h4><\/li><li><h4>Plaza Callao: lines 44, 75, 133, 146, 147 and 148.<\/h4><\/li><li><h4>Plaza de Santo Domingo: lines 1, 2, 46 and 74.<\/h4><\/li><li><h4>Plaza Mayor: lines 17, 18, 23, 31, 35 and 65.<\/h4><\/li><\/ul><\/li><\/ul><h4><a href=\"https:\/\/www.google.com\/maps\/place\/Teatro+Real\/@40.418298,-3.710578,15z\/data=!4m5!3m4!1s0x0:0xa28363ebaaa7adae!8m2!3d40.418299!4d-3.710578%3Fhl=es\">Teatro Real at GoogleMaps<\/a><\/h4>\t<\/div>\n<\/div><\/div>\n\n\t<\/div>\n<\/section><\/p>","protected":false},"excerpt":{"rendered":"<h3 class=\"titulo\">\u00abSAL Y PERLA\u00bb<\/h3>\n<h3 class=\"fecha\">20, 21 and 22 May<\/h3>","protected":false},"author":1,"featured_media":10224,"comment_status":"open","ping_status":"closed","template":"","portfolio":[64],"yoast_head":"<!-- This site is optimized with the Yoast SEO plugin v15.2 - https:\/\/yoast.com\/wordpress\/plugins\/seo\/ -->\n<title>El Junco y Caracolillo de C\u00e1diz - SO-LA-NA<\/title>\n<meta name=\"robots\" content=\"index, follow, max-snippet:-1, max-image-preview:large, max-video-preview:-1\" \/>\n<link rel=\"canonical\" href=\"https:\/\/so-la-na.com\/eng\/project\/el-junco-y-caracolillo-de-cadiz\/\" \/>\n<meta property=\"og:locale\" content=\"en_GB\" \/>\n<meta property=\"og:type\" content=\"article\" \/>\n<meta property=\"og:title\" content=\"El Junco y Caracolillo de C\u00e1diz - SO-LA-NA\" \/>\n<meta property=\"og:description\" content=\"&quot;SAL Y PERLA&quot; 20, 21 y 22 mayo\" \/>\n<meta property=\"og:url\" content=\"https:\/\/so-la-na.com\/eng\/project\/el-junco-y-caracolillo-de-cadiz\/\" \/>\n<meta property=\"og:site_name\" content=\"SO-LA-NA\" \/>\n<meta property=\"article:modified_time\" content=\"2025-09-17T12:15:43+00:00\" \/>\n<meta property=\"og:image\" content=\"https:\/\/so-la-na.com\/wp-content\/uploads\/2020\/01\/08-El-JUNCO-CARACOLILLO-\u00a9JVL.jpg\" \/>\n\t<meta property=\"og:image:width\" content=\"1772\" \/>\n\t<meta property=\"og:image:height\" content=\"2397\" \/>\n<meta name=\"twitter:card\" content=\"summary_large_image\" \/>\n<meta name=\"twitter:label1\" value=\"Written by\">\n\t<meta name=\"twitter:data1\" value=\"s0lan4\">\n\t<meta name=\"twitter:label2\" value=\"Estimated reading time\">\n\t<meta name=\"twitter:data2\" value=\"4 minutes\">\n<script type=\"application\/ld+json\" class=\"yoast-schema-graph\">{\"@context\":\"https:\/\/schema.org\",\"@graph\":[{\"@type\":\"Organization\",\"@id\":\"https:\/\/so-la-na.com\/#organization\",\"name\":\"SO-LA-NA\",\"url\":\"https:\/\/so-la-na.com\/\",\"sameAs\":[],\"logo\":{\"@type\":\"ImageObject\",\"@id\":\"https:\/\/so-la-na.com\/#logo\",\"inLanguage\":\"en-GB\",\"url\":\"https:\/\/so-la-na.com\/wp-content\/uploads\/2020\/05\/SO-LA-NA.png\",\"width\":850,\"height\":850,\"caption\":\"SO-LA-NA\"},\"image\":{\"@id\":\"https:\/\/so-la-na.com\/#logo\"}},{\"@type\":\"WebSite\",\"@id\":\"https:\/\/so-la-na.com\/#website\",\"url\":\"https:\/\/so-la-na.com\/\",\"name\":\"SO-LA-NA\",\"description\":\"Producciones musicales. Flamenco. Jazz.\",\"publisher\":{\"@id\":\"https:\/\/so-la-na.com\/#organization\"},\"potentialAction\":[{\"@type\":\"SearchAction\",\"target\":\"https:\/\/so-la-na.com\/?s={search_term_string}\",\"query-input\":\"required name=search_term_string\"}],\"inLanguage\":\"en-GB\"},{\"@type\":\"ImageObject\",\"@id\":\"https:\/\/so-la-na.com\/project\/el-junco-y-caracolillo-de-cadiz\/#primaryimage\",\"inLanguage\":\"en-GB\",\"url\":\"https:\/\/so-la-na.com\/wp-content\/uploads\/2020\/01\/08-El-JUNCO-CARACOLILLO-\\u00a9JVL.jpg\",\"width\":1772,\"height\":2397},{\"@type\":\"WebPage\",\"@id\":\"https:\/\/so-la-na.com\/project\/el-junco-y-caracolillo-de-cadiz\/#webpage\",\"url\":\"https:\/\/so-la-na.com\/project\/el-junco-y-caracolillo-de-cadiz\/\",\"name\":\"El Junco y Caracolillo de C\\u00e1diz - SO-LA-NA\",\"isPartOf\":{\"@id\":\"https:\/\/so-la-na.com\/#website\"},\"primaryImageOfPage\":{\"@id\":\"https:\/\/so-la-na.com\/project\/el-junco-y-caracolillo-de-cadiz\/#primaryimage\"},\"datePublished\":\"2020-01-01T08:05:19+00:00\",\"dateModified\":\"2025-09-17T12:15:43+00:00\",\"inLanguage\":\"en-GB\",\"potentialAction\":[{\"@type\":\"ReadAction\",\"target\":[\"https:\/\/so-la-na.com\/project\/el-junco-y-caracolillo-de-cadiz\/\"]}]}]}<\/script>\n<!-- \/ Yoast SEO plugin. -->","_links":{"self":[{"href":"https:\/\/so-la-na.com\/eng\/wp-json\/wp\/v2\/portfolio_item\/6581"}],"collection":[{"href":"https:\/\/so-la-na.com\/eng\/wp-json\/wp\/v2\/portfolio_item"}],"about":[{"href":"https:\/\/so-la-na.com\/eng\/wp-json\/wp\/v2\/types\/portfolio_item"}],"author":[{"embeddable":true,"href":"https:\/\/so-la-na.com\/eng\/wp-json\/wp\/v2\/users\/1"}],"replies":[{"embeddable":true,"href":"https:\/\/so-la-na.com\/eng\/wp-json\/wp\/v2\/comments?post=6581"}],"wp:featuredmedia":[{"embeddable":true,"href":"https:\/\/so-la-na.com\/eng\/wp-json\/wp\/v2\/media\/10224"}],"wp:attachment":[{"href":"https:\/\/so-la-na.com\/eng\/wp-json\/wp\/v2\/media?parent=6581"}],"wp:term":[{"taxonomy":"portfolio","embeddable":true,"href":"https:\/\/so-la-na.com\/eng\/wp-json\/wp\/v2\/portfolio?post=6581"}],"curies":[{"name":"wp","href":"https:\/\/api.w.org\/{rel}","templated":true}]}}