{"id":7818,"date":"2020-07-07T12:46:06","date_gmt":"2020-07-07T10:46:06","guid":{"rendered":"https:\/\/so-la-na.com\/?post_type=portfolio_item&#038;p=7818"},"modified":"2021-06-21T23:52:14","modified_gmt":"2021-06-21T21:52:14","slug":"farruquito-y-amigos","status":"publish","type":"portfolio_item","link":"https:\/\/so-la-na.com\/eng\/project\/farruquito-y-amigos\/","title":{"rendered":"\u201cFarruquito and Friends\u201d"},"content":{"rendered":"<p><!-- d751713988987e9331980363e24189ce --><\/p>\n\n\n<div class=\"wp-block-group\"><div class=\"wp-block-group__inner-container\">\n<p style=\"font-size: 24px;\">In this unprecedented show, <strong>FARRUQUITO<\/strong>, por primera vez en el Teatro Real, se re\u00fane de grandes amigos y familiares para expresar quien es y mostrar lo m\u00e1s personal de s\u00ed mismo. Con sus grandes amigos, Ketama, Antonio Canales y Pepe de Luc\u00eda, y tambi\u00e9n junto a su madre, la bailaora \u201cLa Farruca\u201d y su hijo, Juan \u201cEl Moreno\u201d, revivir\u00e1 los mejores momentos de las diferentes \u00e9pocas del flamenco que ha tenido la suerte de vivir para engrandecerlas con la influencia y la fuerza imprescindible de quienes le acompa\u00f1an. Un espect\u00e1culo flamenco que har\u00e1 historia en el Teatro Real. \n<\/p>\n<p style=\"font-size: 20px;\"><strong>CAST<\/strong><br>\nFarruquito, dancer<br>\nArtista invitado, Juan El Moreno (hijo de Farruquito)<br>\nAntonio Canales, dancer<br>\nLa Farruca, dancer<br>\nPepe de Luc\u00eda, singing<br>\nKetama Group: Antonio Carmona Amaya, Juan Jos\u00e9 Carmona Amaya, Jos\u00e9 Miguel Carmona Ni\u00f1o<br>\n<br>\n<strong>\u00abOS ESPERAMOS EN EL TEATRO REAL DE MADRID!\u00bb<\/strong><br>\n<\/p>\n<strong><a href=\"https:\/\/www.teatroreal.es\/es\/espectaculo\/farruquito-y-amigos\">+ INFORMATION AND TICKETS<\/a><\/strong>\n<\/div><\/div>\n\n\n\n<p><\/p>","protected":false},"excerpt":{"rendered":"<p>En este espect\u00e1culo in\u00e9dito, FARRUQUITO, por primera vez en el Teatro Real, se re\u00fane de grandes amigos y familiares para expresar quien es y mostrar lo m\u00e1s personal de s\u00ed mismo. Con sus grandes amigos, Ketama, Antonio Canales y Pepe de Luc\u00eda, y tambi\u00e9n junto a su madre, la bailaora [&hellip;]<\/p>","protected":false},"author":1,"featured_media":8065,"comment_status":"closed","ping_status":"closed","template":"","portfolio":[72],"yoast_head":"<!-- This site is optimized with the Yoast SEO plugin v15.2 - https:\/\/yoast.com\/wordpress\/plugins\/seo\/ -->\n<title>\u201cFarruquito y amigos\u201d - SO-LA-NA<\/title>\n<meta name=\"robots\" content=\"index, follow, max-snippet:-1, max-image-preview:large, max-video-preview:-1\" \/>\n<link rel=\"canonical\" href=\"https:\/\/so-la-na.com\/eng\/project\/farruquito-y-amigos\/\" \/>\n<meta property=\"og:locale\" content=\"en_GB\" \/>\n<meta property=\"og:type\" content=\"article\" \/>\n<meta property=\"og:title\" content=\"\u201cFarruquito y amigos\u201d - SO-LA-NA\" \/>\n<meta property=\"og:description\" content=\"En este espect\u00e1culo in\u00e9dito, FARRUQUITO, por primera vez en el Teatro Real, se re\u00fane de grandes amigos y familiares para expresar quien es y mostrar lo m\u00e1s personal de s\u00ed mismo. Con sus grandes amigos, Ketama, Antonio Canales y Pepe de Luc\u00eda, y tambi\u00e9n junto a su madre, la bailaora [&hellip;]\" \/>\n<meta property=\"og:url\" content=\"https:\/\/so-la-na.com\/eng\/project\/farruquito-y-amigos\/\" \/>\n<meta property=\"og:site_name\" content=\"SO-LA-NA\" \/>\n<meta property=\"article:modified_time\" content=\"2021-06-21T21:52:14+00:00\" \/>\n<meta property=\"og:image\" content=\"https:\/\/so-la-na.com\/wp-content\/uploads\/2020\/07\/A-3-Farruquito-WEB-1.jpg\" \/>\n\t<meta property=\"og:image:width\" content=\"1169\" \/>\n\t<meta property=\"og:image:height\" content=\"1654\" \/>\n<meta name=\"twitter:card\" content=\"summary_large_image\" \/>\n<meta name=\"twitter:label1\" value=\"Written by\">\n\t<meta name=\"twitter:data1\" value=\"s0lan4\">\n\t<meta name=\"twitter:label2\" value=\"Estimated reading time\">\n\t<meta name=\"twitter:data2\" value=\"1 minute\">\n<script type=\"application\/ld+json\" class=\"yoast-schema-graph\">{\"@context\":\"https:\/\/schema.org\",\"@graph\":[{\"@type\":\"Organization\",\"@id\":\"https:\/\/so-la-na.com\/#organization\",\"name\":\"SO-LA-NA\",\"url\":\"https:\/\/so-la-na.com\/\",\"sameAs\":[],\"logo\":{\"@type\":\"ImageObject\",\"@id\":\"https:\/\/so-la-na.com\/#logo\",\"inLanguage\":\"en-GB\",\"url\":\"https:\/\/so-la-na.com\/wp-content\/uploads\/2020\/05\/SO-LA-NA.png\",\"width\":850,\"height\":850,\"caption\":\"SO-LA-NA\"},\"image\":{\"@id\":\"https:\/\/so-la-na.com\/#logo\"}},{\"@type\":\"WebSite\",\"@id\":\"https:\/\/so-la-na.com\/#website\",\"url\":\"https:\/\/so-la-na.com\/\",\"name\":\"SO-LA-NA\",\"description\":\"Producciones musicales. Flamenco. Jazz.\",\"publisher\":{\"@id\":\"https:\/\/so-la-na.com\/#organization\"},\"potentialAction\":[{\"@type\":\"SearchAction\",\"target\":\"https:\/\/so-la-na.com\/?s={search_term_string}\",\"query-input\":\"required name=search_term_string\"}],\"inLanguage\":\"en-GB\"},{\"@type\":\"ImageObject\",\"@id\":\"https:\/\/so-la-na.com\/project\/farruquito-y-amigos\/#primaryimage\",\"inLanguage\":\"en-GB\",\"url\":\"https:\/\/so-la-na.com\/wp-content\/uploads\/2020\/07\/A-3-Farruquito-WEB-1.jpg\",\"width\":1169,\"height\":1654},{\"@type\":\"WebPage\",\"@id\":\"https:\/\/so-la-na.com\/project\/farruquito-y-amigos\/#webpage\",\"url\":\"https:\/\/so-la-na.com\/project\/farruquito-y-amigos\/\",\"name\":\"\\u201cFarruquito y amigos\\u201d - SO-LA-NA\",\"isPartOf\":{\"@id\":\"https:\/\/so-la-na.com\/#website\"},\"primaryImageOfPage\":{\"@id\":\"https:\/\/so-la-na.com\/project\/farruquito-y-amigos\/#primaryimage\"},\"datePublished\":\"2020-07-07T10:46:06+00:00\",\"dateModified\":\"2021-06-21T21:52:14+00:00\",\"inLanguage\":\"en-GB\",\"potentialAction\":[{\"@type\":\"ReadAction\",\"target\":[\"https:\/\/so-la-na.com\/project\/farruquito-y-amigos\/\"]}]}]}<\/script>\n<!-- \/ Yoast SEO plugin. -->","_links":{"self":[{"href":"https:\/\/so-la-na.com\/eng\/wp-json\/wp\/v2\/portfolio_item\/7818"}],"collection":[{"href":"https:\/\/so-la-na.com\/eng\/wp-json\/wp\/v2\/portfolio_item"}],"about":[{"href":"https:\/\/so-la-na.com\/eng\/wp-json\/wp\/v2\/types\/portfolio_item"}],"author":[{"embeddable":true,"href":"https:\/\/so-la-na.com\/eng\/wp-json\/wp\/v2\/users\/1"}],"replies":[{"embeddable":true,"href":"https:\/\/so-la-na.com\/eng\/wp-json\/wp\/v2\/comments?post=7818"}],"wp:featuredmedia":[{"embeddable":true,"href":"https:\/\/so-la-na.com\/eng\/wp-json\/wp\/v2\/media\/8065"}],"wp:attachment":[{"href":"https:\/\/so-la-na.com\/eng\/wp-json\/wp\/v2\/media?parent=7818"}],"wp:term":[{"taxonomy":"portfolio","embeddable":true,"href":"https:\/\/so-la-na.com\/eng\/wp-json\/wp\/v2\/portfolio?post=7818"}],"curies":[{"name":"wp","href":"https:\/\/api.w.org\/{rel}","templated":true}]}}